{"id":8566,"date":"2024-04-04T17:07:17","date_gmt":"2024-04-04T15:07:17","guid":{"rendered":"https:\/\/stefanmalsi.de\/blog\/?page_id=8566"},"modified":"2026-04-21T08:15:36","modified_gmt":"2026-04-21T06:15:36","slug":"aktuelle-postings","status":"publish","type":"page","link":"https:\/\/stefanmalsi.de\/blog\/aktuelle-postings","title":{"rendered":"aktuelle Postings"},"content":{"rendered":"<p>24.03.2026<\/p>\n<p><img loading=\"lazy\" decoding=\"async\" class=\"alignnone size-full wp-image-9121\" src=\"https:\/\/stefanmalsi.de\/blog\/wp-content\/uploads\/2026\/04\/aus-der-ewigen-Liebe.jpg\" alt=\"\" width=\"567\" height=\"602\" \/><\/p>\n<h5><strong>Aus der ewigen Liebe unserer Sch\u00f6pfereltern ist der Sch\u00f6pfungsakt entstanden<\/strong><\/h5>\n<p style=\"text-align: justify;\">Von Ewigkeit zu Ewigkeit, verbunden als Paar, vom Wesen her Menschen, haben unsere Sch\u00f6pfereltern beschlossen eine Sch\u00f6pfung zu erschaffen in der Ihre Kinder, Christus und Christa, eines Tages als Menschen unter Menschen leben werden. F\u00fcr sie erschufen Sie daher 2 Menschen die ihnen in nichts nachstehen und sie perfekt erg\u00e4nzen. Mit diesen werden Christus und Christa bis in Ewigkeit zusammen in Liebe verbunden sein, denn dieses h\u00f6chste aller Gl\u00fccksgef\u00fchle wollen unsere Sch\u00f6pfereltern nat\u00fcrlich auch f\u00fcr Ihre Kinder erreichen. Und da Sie Ihre Kinder alle gleich viel lieben haben Sie dieses Sch\u00f6pfungsprinzip eben auch f\u00fcr alle anderen Ihrer Kinder angewandt! Sie haben alle nach Ihrem Ebenbild erschaffen! Liebe bis in alle Ewigkeit!<\/p>\n<p><img decoding=\"async\" src=\"https:\/\/stefanmalsi.de\/blog\/wp-content\/uploads\/2019\/07\/Trennlinie-apart-2.jpg\" \/><\/p>\n<p>10.02.2026<\/p>\n<p><img loading=\"lazy\" decoding=\"async\" class=\"alignnone size-full wp-image-9096\" src=\"https:\/\/stefanmalsi.de\/blog\/wp-content\/uploads\/2026\/02\/Steinzeitpaule-Bild.jpg\" alt=\"\" width=\"750\" height=\"260\" \/><\/p>\n<h4>Die L\u00fcgengeschichten des \u201eSteinzeitpaule\u201c<\/h4>\n<p style=\"text-align: justify;\">Es war einmal vor langer Zeit, das sann ein Mann dar\u00fcber nach wie er die Menschen in seinen Bann ziehen und sie sich untertan machen k\u00f6nnte. Da er von der Existenz eines Gottes \u00fcberzeugt war erfand er wohlklingende Geschichten \u00fcber Gott so wie er ihn sich vorstellte, um sich mit seinen Erz\u00e4hlungen Respekt und Achtung zu verschaffen!<\/p>\n<p>Da die Geschichten dieses Mannes, wir nennen ihn einmal \u201eSteinzeitpaule\u201c, das Denken der Menschheit bis in unsere Tage mitbestimmt hat, wollen wir zwei seiner \u00e4rgsten L\u00fcgengeschichten hier einmal ausschnittsweise erz\u00e4hlen.<\/p>\n<p style=\"text-align: justify;\">Geschichte 1<br \/>\nGen 2,15\u00a0\u00a0\u00a0\u00a0\u00a0\u00a0\u00a0\u00a0\u00a0\u00a0 Gott, der Herr, nahm also den Menschen und setzte ihn in den Garten von Eden, damit er ihn bebaue und h\u00fcte.<br \/>\nGen 2,16\u00a0\u00a0\u00a0\u00a0\u00a0\u00a0\u00a0\u00a0\u00a0\u00a0 Dann gebot Gott, der Herr, dem Menschen: Von allen B\u00e4umen des Gartens darfst du essen,<br \/>\nGen 2,17\u00a0\u00a0\u00a0\u00a0\u00a0\u00a0\u00a0\u00a0\u00a0\u00a0 doch vom Baum der Erkenntnis von Gut und B\u00f6se darfst du nicht essen; denn sobald du davon isst, wirst du sterben.<\/p>\n<p style=\"text-align: justify;\">Nach der Vorstellung von Steinzeitpaule gibt Gott den Menschen hier ein Gebot, das, wenn auch v\u00f6llig unsinnig, denn die Unterscheidung von Gut und B\u00f6se ist die Grundlage einer himmlischen Ordnung auf Erden, bei Androhung des Todes einzuhalten ist. Das aber ist purer Faschismus und hat mit Gottes Art nicht einmal ansatzweise etwas zu tun. So regiert Satan, nicht Gott!<\/p>\n<p style=\"text-align: justify;\">Geschichte 2<br \/>\nGen 4,3\u00a0\u00a0\u00a0\u00a0\u00a0\u00a0\u00a0\u00a0\u00a0\u00a0\u00a0\u00a0 Nach einiger Zeit brachte Kain dem Herrn ein Opfer von den Fr\u00fcchten des Feldes dar;<br \/>\nGen 4,4\u00a0\u00a0\u00a0\u00a0\u00a0\u00a0\u00a0\u00a0\u00a0\u00a0\u00a0\u00a0 auch Abel brachte eines dar von den Erstlingen seiner Herde und von ihrem Fett. Der Herr schaute auf Abel und sein Opfer,<br \/>\nGen 4,5\u00a0\u00a0\u00a0\u00a0\u00a0\u00a0\u00a0\u00a0\u00a0\u00a0\u00a0\u00a0 aber auf Kain und sein Opfer schaute er nicht. Da \u00fcberlief es Kain ganz hei\u00df und sein Blick senkte sich.<br \/>\nGen 4,6\u00a0\u00a0\u00a0\u00a0\u00a0\u00a0\u00a0\u00a0\u00a0\u00a0\u00a0\u00a0 Der Herr sprach zu Kain: Warum \u00fcberl\u00e4uft es dich hei\u00df und warum senkt sich dein Blick?<br \/>\nGen 4,7\u00a0\u00a0\u00a0\u00a0\u00a0\u00a0\u00a0\u00a0\u00a0\u00a0\u00a0\u00a0 Nicht wahr, wenn du recht tust, darfst du aufblicken; wenn du nicht recht tust, lauert an der T\u00fcr die S\u00fcnde als D\u00e4mon. Auf dich hat er es abgesehen, \/ doch du werde Herr \u00fcber ihn!<\/p>\n<p style=\"text-align: justify;\">Hier treibt es Steinzeitpaule noch \u00e4rger, denn er erkl\u00e4rt, dass es Gottes Art entspricht rein willk\u00fcrlich zu handeln und die Akzeptanz seines Wirkens durch Gehorsamkeit und unterw\u00fcrfige Fr\u00f6mmigkeit verlangt! Das ist das B\u00f6se selbst und mit dieser wahrlich satanischen Erz\u00e4hlung wird der Fehlentwicklung der ganzen Menschheitsgeschichte T\u00fcr und Tor ge\u00f6ffnet!<\/p>\n<p style=\"text-align: justify;\">Man kann es nur immer wieder laut und deutlich sagen: Wer die L\u00fcgengeschichten vom \u201eSteinzeitpaule\u201c als \u201eWort Gottes\u201c annimmt und sein Leben danach ausrichtet hat schlicht und ergreifend weder Licht noch Verstand im Kopf!<\/p>\n<p><img decoding=\"async\" src=\"https:\/\/stefanmalsi.de\/blog\/wp-content\/uploads\/2019\/07\/Trennlinie-apart-2.jpg\" \/><\/p>\n<p>19.08.2025<\/p>\n<p><img loading=\"lazy\" decoding=\"async\" class=\"alignnone size-full wp-image-8841\" src=\"https:\/\/stefanmalsi.de\/blog\/wp-content\/uploads\/2025\/08\/demut-ist-eine.jpg\" alt=\"\" width=\"730\" height=\"382\" \/><\/p>\n<h4 style=\"text-align: justify;\"><strong>Demut ist eine subtile Form der Selbstverletzung<\/strong><\/h4>\n<p style=\"text-align: justify;\">Es gibt nichts Sch\u00f6neres als einander zu lieben und zu achten und nat\u00fcrlich geh\u00f6rt auch die Selbstliebe und Selbstachtung ganz wesentlich zur Sch\u00f6pfungsgerechtigkeit dazu. Folgerichtig sollte umgekehrt jede Dem\u00fctigung eines anderen Menschen f\u00fcr immer von dieser Erde vertrieben werden und logischerweise auch in gleicher Weise die Selbstdem\u00fctigung! Dem\u00fctigung, gleich welcher Art, bewirkt eine Verletzung der Seele und das braucht kein Mensch, Gott schon mal gar nicht!<\/p>\n<p style=\"text-align: justify;\">Es ist aber ein zentraler Bestandteil aller dogmatischen Religionen den Menschen einzureden, sie sollten sich in Demut \u00fcben, denn angeblich findet nur ein \u201edem\u00fctiges Herz\u201c das Wohlgefallen Gottes!! Allen Ernstes wird dieses selbstverletzende Verhalten gepredigt und wenn man genauer nachdenkt erkennt man auch den Grund daf\u00fcr. Verletzte und ihrer W\u00fcrde beraubte Menschen lassen sich leichter knechten und beherrschen und genau das ist das Ziel aller Religionen! Sie wollen knechten, normieren, herrschen, die wirkliche Freiheit der Menschen ist ihnen ein Gr\u00e4uel!<\/p>\n<p style=\"text-align: justify;\">Wer immer euch daher zur Demut auffordert ist nicht euer Freund, sondern euer Feind! Lebt bitte in Freude und Frieden mit euch und euren Mitmenschen, dann werdet ihr gesund wie junge Fische und werdet den Vater und die Mutter auch erkennen!<\/p>\n<p><img decoding=\"async\" src=\"https:\/\/stefanmalsi.de\/blog\/wp-content\/uploads\/2019\/07\/Trennlinie-apart-2.jpg\" \/><\/p>\n<p>21.08.2025<\/p>\n<p><img loading=\"lazy\" decoding=\"async\" class=\"alignnone size-full wp-image-8839\" src=\"https:\/\/stefanmalsi.de\/blog\/wp-content\/uploads\/2025\/08\/ein-mann-ist-ein-mann.jpg\" alt=\"\" width=\"800\" height=\"534\" srcset=\"https:\/\/stefanmalsi.de\/blog\/wp-content\/uploads\/2025\/08\/ein-mann-ist-ein-mann.jpg 800w, https:\/\/stefanmalsi.de\/blog\/wp-content\/uploads\/2025\/08\/ein-mann-ist-ein-mann-768x513.jpg 768w\" sizes=\"auto, (max-width: 800px) 100vw, 800px\" \/><\/p>\n<h4><strong>Ein Mann ist ein Mann ist ein Kerl wie ein Baum!<\/strong><\/h4>\n<p style=\"text-align: justify;\"><strong>\u00a0<\/strong>Wenn man die Entwicklung der Selbstdarstellung der M\u00e4nner in der westlichen Welt rekapituliert, dann stellt man eine erschreckende Zunahme an Desorientierung fest, die in den letzten Jahrzehnten den Mann immer weiter von seiner wahren Natur entfernt hat. Ganze Heerscharen von M\u00e4nnern sind sich ihrer Identit\u00e4t nicht mehr bewusst und wirken daher degeneriert! Ihr Wertesystem ist der Beliebigkeit gewichen und ihr Leben verl\u00e4uft dementsprechend chaotisch!<\/p>\n<p style=\"text-align: justify;\">Ein Mann aber, der zu sich selbst gefunden hat, strahlt vor allem M\u00e4nnlichkeit aus! Tatkraft, Authentizit\u00e4t und positive Lebenshaltung kennzeichnen ihn und man sp\u00fcrt in jeder seiner Entscheidungen Weisheit und Standfestigkeit! Er ist voller Sanftmut und Weitblick und garantiert vor allem Schutz und Sicherheit f\u00fcr alle Bedr\u00e4ngten! Ein wirklicher Mann sch\u00fctzt Frauen und Kinder, immer und \u00fcberall, und l\u00e4sst das auch alle Menschen in seiner Umgebung deutlich sp\u00fcren!<\/p>\n<p>Genau dann ist ein Mann ein Mann und ist \u201eeins\u201c mit Christus!<\/p>\n<p><img decoding=\"async\" src=\"https:\/\/stefanmalsi.de\/blog\/wp-content\/uploads\/2019\/07\/Trennlinie-apart-2.jpg\" \/><\/p>\n<p>25.07.2025<\/p>\n<p><img loading=\"lazy\" decoding=\"async\" class=\"alignnone size-full wp-image-8778\" src=\"https:\/\/stefanmalsi.de\/blog\/wp-content\/uploads\/2025\/07\/alles-wird-neu.jpg\" alt=\"\" width=\"756\" height=\"350\" \/><\/p>\n<h4>Alles wird neu, nichts bleibt wie es war!<\/h4>\n<p style=\"text-align: justify;\">Durch die kommenden Ereignisse werden die Menschen spirituell erwachen und auf einen Lebensabschnitt gelangen, der ihre Seelen von allen Lasten befreien wird. Auf diesem Weg zum Seelenheil verschwinden s\u00e4mtliche \u201eIrrlehren und Wahnvorstellungen\u201c aus dem eigenen Geist, verlieren sich Religionen und Ideologien, und die Grundprinzipien der Sch\u00f6pfung breiten sich aus. Liebe, Freude und Gerechtigkeit bestimmen von nun an das eigene Denken und der Mensch wird Christus bzw. Christa \u00e4hnlich! Aus dieser Erkenntnis heraus kann man auch umgekehrt formulieren, dass alles, was sich durch \u201eLiebe und weise Worte\u201c auf dem therapeutischen Weg aufl\u00f6sen l\u00e4sst, nicht zum \u201eReich Gottes\u201c geh\u00f6rt, eine St\u00f6rung der Sch\u00f6pfungsordnung darstellt und von uns selbst \u00fcberwunden werden muss!<\/p>\n<p style=\"text-align: justify;\">Schaut euch die Menschen mit den Augen von \u201eChristus\u201c an, fragt nach den Ursachen die Menschen derart \u201everbl\u00f6det\u201c leben lassen und fangt an diese Ursachen zu \u00fcberwinden. Gerade bei politischen Ideologien l\u00e4sst sich leicht die Ursache und Herkunft aufzeigen. Neid auf das Gl\u00fcck und den Lebenserfolg der Menschen, gepaart mit Machtgier f\u00fchren in die Diktatur! S\u00e4mtliche \u201epolitische Ideologien\u201c sind aus der Erkrankung des Geistes geboren und m\u00fcssen jetzt von uns \u00fcberwunden werden!<\/p>\n<p>Die Religionen m\u00f6gen ein Ansatz gewesen sein Gott und die Sch\u00f6pfung zu erkl\u00e4ren aber sie wurden alle aus dem \u201eUnverstand\u201c geboren, haben sich selbst ad absurdum gef\u00fchrt und werden von der Erde verschwinden!<\/p>\n<p style=\"text-align: justify;\">Ganz besonders schr\u00e4g ist die sexuelle Verwirrung die in unseren Tagen immer schriller zu Tage tritt und der ich mit einer kurzen Klarstellung entgegentreten will. Die Sch\u00f6pfung ist eine geistige Sch\u00f6pfung! Sch\u00f6pfer sind der Sch\u00f6pfervater und die Sch\u00f6pfermutter, die als ewiges Paar in Liebe verbunden sind. Ihre Sch\u00f6pfung ist als Spiegelbild ihrer selbst erschaffen in der es eben M\u00e4nner und Frauen gibt, die sowohl als homosexuelle als auch als heterosexuelle Seelenpaare erschaffen wurden. Alle anderen \u201eVorstellungen\u201c sind therapierbar und geh\u00f6ren daher auch in das Therapiezimmer und nicht in die \u00d6ffentlichkeit! Also nochmal zur Verdeutlichung. Es gibt genau 2 Geschlechter und 2 Arten der Liebe!<\/p>\n<p style=\"text-align: justify;\">Ganz allgemein l\u00e4sst sich folgendes aussagen: Um den spirituellen Entwicklungsstand von sich selbst zu \u00fcberpr\u00fcfen sollte man sich die Aussagen von Jesus \u2013 die er ja in unseren Tagen noch einmal pr\u00e4zisieren wird &#8211; vornehmen und die eigene Reaktion darauf beobachten. Alles was man von seinen Worten nicht verstehen oder nicht annehmen kann hat einzig und allein seine Ursache in der Erkrankung und Verblendung des eigenen Geistes, bzw. der Verletzungen der eigenen Seele. Wer immer wirklich zu Gott finden will, sollte sich daher die Aussage von Jesus zu Herzen nehmen und sich auf den Weg \u00fcber die Worte von Jesus zu Gott begeben!<\/p>\n<p><strong>\u201eIch bin der Weg, die Wahrheit und das Leben. Niemand kommt zum Vater denn durch mich.\u201c<\/strong>\u00a0(Johannes 14,6)<\/p>\n<p><img decoding=\"async\" src=\"https:\/\/stefanmalsi.de\/blog\/wp-content\/uploads\/2019\/07\/Trennlinie-apart-2.jpg\" \/><\/p>\n<p>24.07.2025<\/p>\n<p><img loading=\"lazy\" decoding=\"async\" class=\"alignnone size-full wp-image-8837\" src=\"https:\/\/stefanmalsi.de\/blog\/wp-content\/uploads\/2025\/08\/Jesus-war-Jude.jpg\" alt=\"\" width=\"655\" height=\"346\" \/><\/p>\n<h4><strong>Die \u00dcberwindung allen B\u00f6sen beinhaltet die Aufl\u00f6sung aller Religionen!<\/strong><\/h4>\n<p style=\"text-align: justify;\">Wer sich von der Vernunft und der Menschlichkeit leiten l\u00e4sst erkennt schnell, dass alle uns bekannten Religionen voller Annahmen, Fehlern und Widerspr\u00fcchen stecken! Teilweise werden Behauptungen aufgestellt die den gesunden Menschenverstand rebellieren lassen und wer solchen Unsinn glaubt, der entfernt sich von der Vernunft und nach und nach auch von der Menschlichkeit. Er erkrankt und wird zum Zombie der Priester, die ihm diesen Unsinn eingetrichtert haben!<\/p>\n<p style=\"text-align: justify;\">Jesus hatte das nat\u00fcrlich erkannt und begann sein Werk mit einer ganz kleinen Gruppe von Freunden und Anh\u00e4ngern. Er heilte sie, \u00f6ffnete ihnen die Augen und zog sie so aus dem unheilvollen Bann der damaligen Religion. Er brachte das Licht auf die Welt und seine Botschaft begann \u2013 wenn auch durch Paulus stark verf\u00e4lscht \u2013 sich zu verbreiten!<\/p>\n<p style=\"text-align: justify;\">Jetzt aber kommt Jesus wieder auf die Erde und wird sein Werk fortsetzen!<\/p>\n<p style=\"text-align: justify;\">Jesu Worte werden einen Fl\u00e4chenbrand entfachen der den ganzen Erdball erfassen wird! Alle Menschen werden geheilt und ins Licht gef\u00fchrt werden! Alle Menschen werden den d\u00e4monischen Einfl\u00fcssen der bestehenden Religionen entrissen werden, die ihrerseits samt all ihrer Organisationen untergehen werden! Ja, ich meine das genau so wie ich es hier schreibe! Gerade die dogmatischen Religionen, das Judentum, der Islam und das Christentum, werden vollst\u00e4ndig von der Erde verschwinden und all ihre Organisationen, ihre Geheimb\u00fcnde, ihre Pl\u00e4ne und Absichten f\u00fcr immer vernichtet werden. Das geschieht nicht \u00fcber Nacht, beginnt aber noch in unserer Generation!<\/p>\n<p style=\"text-align: justify;\">Zieht euch also warm an, ihr Verderber der Menschheit, Jesus wird euch alle besiegen und euer Gedankengut von der Erde vertreiben!!<\/p>\n<p>&nbsp;<\/p>\n<p style=\"text-align: justify;\"><img decoding=\"async\" src=\"https:\/\/stefanmalsi.de\/blog\/wp-content\/uploads\/2019\/07\/Trennlinie-apart-2.jpg\" \/><\/p>\n<p>23.07.2025<\/p>\n<p><img loading=\"lazy\" decoding=\"async\" class=\"alignnone size-full wp-image-8835\" src=\"https:\/\/stefanmalsi.de\/blog\/wp-content\/uploads\/2025\/08\/die-oberste-maxime.jpg\" alt=\"\" width=\"711\" height=\"371\" \/><\/p>\n<h4 style=\"text-align: justify;\"><strong>Die oberste Maxime<\/strong><\/h4>\n<p style=\"text-align: justify;\">Wenn ich den Ausf\u00fchrungen von Priestern und Theologen, gleich welcher religi\u00f6ser Ausrichtung, zuh\u00f6re wird mir regelrecht schlecht. Mit wohlfeilen Worten werden Dinge behauptet und mit moralischer \u00dcberheblichkeit vorgetragen, die jedweder Vernunft und Menschlichkeit widersprechen. Das Leben findet aber im Hier und Jetzt statt, nur das was sich im Hier und Jetzt abspielt beeinflusst die Seele der Menschen und tr\u00e4gt zur Seelenreifung und damit zum Fortschritt des Heilsplanes bei. Das Gl\u00fcck und die Geborgenheit der Menschen ist daher nicht etwas, das man in Jenseits oder der Zukunft sondern im Hier und Jetzt suchen und selbst dazu beitragen muss! Jeder mit seinem ganzen Streben und Handeln!<\/p>\n<p>Daher will ich das einmal f\u00fcr das Verhalten von M\u00e4nnern ganz klar ausdr\u00fccken:<\/p>\n<p style=\"text-align: justify;\"><strong>Die \u201eoberste Maxime\u201c jeden m\u00e4nnlichen Denkens und Handeln muss immer der Schutz von Frauen und Kindern seiner Sippe sein! Nur in Schutz und Geborgenheit entsteht Gl\u00fcck und kann sich die Liebe entfalten!<\/strong><\/p>\n<p style=\"text-align: justify;\">Jedwede Verlagerung des Gl\u00fccks in das Jenseits ist ein Verbrechen gegen die Menschlichkeit!<\/p>\n<p style=\"text-align: justify;\">Und um es ganz deutlich f\u00fcr unseren Kulturkreis auszudr\u00fccken:<\/p>\n<p style=\"text-align: justify;\"><span style=\"text-align: justify;\">Wer immer die Botschaft von Paulus verbreitet oder anderen anempfiehlt ist kein Freund Gottes sondern ein Protagonist des Apostel des reinen Hasses!!<\/span><\/p>\n<p>&nbsp;<\/p>\n<p><img decoding=\"async\" src=\"https:\/\/stefanmalsi.de\/blog\/wp-content\/uploads\/2019\/07\/Trennlinie-apart-2.jpg\" \/><\/p>\n<p>22.06.2025<\/p>\n<p><img loading=\"lazy\" decoding=\"async\" class=\"alignnone size-full wp-image-8723\" src=\"https:\/\/stefanmalsi.de\/blog\/wp-content\/uploads\/2025\/06\/Liebe-und-Schutz.jpg\" alt=\"\" width=\"750\" height=\"351\" \/><\/p>\n<h4><strong>Liebe und Schutz \u2013 die heiligsten Gaben <\/strong><\/h4>\n<p style=\"text-align: justify;\"><strong>\u00a0<\/strong>Ein neugeborenes Kind braucht Liebe und Schutz! Das ist so einsichtig, dass man das eigentlich gar nicht thematisieren br\u00e4uchte, aber jetzt stellt euch einmal vor, es k\u00e4me jemand auf den Gedanken und w\u00fcrde jungen M\u00fcttern erz\u00e4hlen, dass Gott ihnen die Liebe zu ihrem Kind \u2013 die Mutterliebe &#8211; untersagen w\u00fcrde! Das w\u00fcrde logischerweise bei jedem gesunden Menschen Emp\u00f6rung hervorrufen. Ebenso emp\u00f6rend w\u00e4re es, wenn man M\u00e4nnern erz\u00e4hlen sollte, dass sie ihr Kind nicht vor Gefahren sch\u00fctzen sollten! Ja sie m\u00f6gen sich doch bitte zum Gebet hinknien und ihr Kind dem Schicksal \u00fcberlassen, denn nur so w\u00fcrden sie ihrem eigenen Seelenheil dienen!<\/p>\n<p>Pervers, oder?<\/p>\n<p style=\"text-align: justify;\">Wer allen Ernstes den Menschen ihre \u201eheiligsten Gaben\u201c, n\u00e4mlich Liebe und Schutz, als \u00fcberfl\u00fcssig und falsch einreden will ist daher kein \u201eMann Gottes\u201c sondern ein \u201eperverses Etwas\u201c, ein satanisch tickendes Wesen, dass von uns allen bek\u00e4mpft werden muss! Gott zeigt einem Kind Seine Liebe \u00fcber die Mutter und ihre Liebe zum Kind und Er sch\u00fctzt ein Kind \u00fcber die Tatkraft des Vaters und dessen Schutzinstinkt! So ist die Sch\u00f6pfung nach Gottes Wesensart aufgebaut!<\/p>\n<p style=\"text-align: justify;\">\u00a0Bitte achtet auf das was euch erz\u00e4hlt wird, achtet auf jedes Wort und jede Geste, denn diese noch existierende babylonische Welt wird von p\u00e4dophilen Satanisten beherrscht deren Ziel die Weltherrschaft ist und die vor keiner L\u00fcge und keiner Schandtat zur\u00fcckschrecken!<\/p>\n<p>&nbsp;<\/p>\n<p style=\"text-align: justify;\"><img decoding=\"async\" src=\"https:\/\/stefanmalsi.de\/blog\/wp-content\/uploads\/2019\/07\/Trennlinie-apart-2.jpg\" \/><\/p>\n<p>21.05.2025<\/p>\n<p><img loading=\"lazy\" decoding=\"async\" class=\"alignnone size-full wp-image-8711\" src=\"https:\/\/stefanmalsi.de\/blog\/wp-content\/uploads\/2025\/05\/Weisheit-und-Erkenntnis.jpg\" alt=\"\" width=\"750\" height=\"492\" \/><\/p>\n<h5>Das Streben nach Erkenntnis bringt Weisheit und Freiheit<\/h5>\n<p style=\"text-align: justify;\">Der Weg zu Gott ist ein Weg zu sich selbst, ins Innere der eigenen Psyche und Seele! Er ist nicht zu verwechseln mit einem Gang in die Kirche oder die \u00dcbernahme irgendwelcher Glaubenss\u00e4tze anderer Menschen oder Organisationen, sondern im Gegenteil die Losl\u00f6sung des eigenen Denkens von allen fremden Vorgaben, Ideologien und Dogmen! Diese Aussage bleibt auch dann g\u00fcltig sollte sich in den Glaubenss\u00e4tzen anderer Menschen die pure Wahrheit befinden! Sie kommen von au\u00dfen und nicht von innen und sind daher nicht mit eigenen Erkenntnissen zu verwechseln und bewirken auch nicht die Ver\u00e4nderungen der Pers\u00f6nlichkeit wie es selbstgewonnene Erkenntnisse n\u00e4mlich tun! Jeder angenommene Glaubensinhalt normiert das eigene Denken und Handeln und macht einen Menschen unfrei, er verhindert geradezu das Wachstum des Geistes, verhindert den Weg in die Freiheit!<\/p>\n<p style=\"text-align: justify;\">Denkt man das konsequent weiter dann muss man auch die Aussagen von Jesus, insbesondere die aus der Bergpredigt noch einmal auf ihre Bedeutung und Verbreitung durchdenken! Zwar kann man annehmen, dass die Erkenntnisse die Jesus gewonnen hatte und in der Bergpredigt vortr\u00e4gt an Weisheit kaum zu \u00fcberbieten sind, aber sie sind nicht \u00fcbertragbar, sie k\u00f6nnen und d\u00fcrfen nicht einfach \u00fcbernommen werden, sondern sind als Aufforderung zu sehen, sich selbst auf den Weg zur Weisheit zu begeben und sollte dieser auch zun\u00e4chst einmal in die komplett andere Richtung f\u00fchren! Niemand darf Menschen dagegen dazu dr\u00e4ngen die Erkenntnisse oder Glaubenss\u00e4tze anderer zu \u00fcbernehmen. Dies f\u00fchrt zur Unfreiheit und zur Erkrankung des Menschen! Wer dies aber tut und gar seine eigenen Aussagen zur absoluten Glaubenspflicht f\u00fcr andere erhebt, der zeigt, dass er nicht die Freiheit sondern die Unterwerfung der Menschen zum Ziel hat!<\/p>\n<p style=\"text-align: justify;\"><img decoding=\"async\" src=\"https:\/\/stefanmalsi.de\/blog\/wp-content\/uploads\/2019\/07\/Trennlinie-apart-2.jpg\" \/><\/p>\n<p>06.04.2025<\/p>\n<p><img loading=\"lazy\" decoding=\"async\" class=\"alignnone size-full wp-image-8700\" src=\"https:\/\/stefanmalsi.de\/blog\/wp-content\/uploads\/2025\/04\/Suendenfall.jpg\" alt=\"\" width=\"750\" height=\"600\" \/><\/p>\n<h5 style=\"text-align: justify;\">Wenn \u201eGlaube\u201c den \u201eVerstand\u201c verdr\u00e4ngt!<\/h5>\n<p style=\"text-align: justify;\">\u00a0Mit diesem abgrundtief b\u00f6sartigen Diktat, keinen Apfel vom Baum der Erkenntnis zu essen, beginnt in der Bibel der Dialog der Menschen mit den \u201eM\u00e4chten des kollektiven Unterbewusstseins\u201c! Man muss aber schon von allen guten Geistern verlassen sein, dieses Diktat irgendwie mit Gott in Verbindung zu bringen und den Versto\u00df gegen dieses als S\u00fcndenfall (!!) zu bezeichnen! Ganz im Gegenteil ist es ein Akt der Vernunft und der Befreiung\u00a0 gegen diesen Unsinn zu versto\u00dfen und den Apfel vom Baum der Erkenntnis zu essen! Wer n\u00e4mlich im Glauben stecken bleibt, dem kann man praktisch alles &#8211; und eben auch obigen Unsinn &#8211; erz\u00e4hlen. Wer dagegen Verstand im Kopf hat, der \u00fcberwindet Glaubenss\u00e4tze dieser Art und strebt nach eigener Erkenntnis!<\/p>\n<p style=\"text-align: justify;\">Hier ist es \u00fcbrigens beachtenswert, dass es zuerst Eva ist, die mit weiblicher Intuition handelt und genug Mut hat ein absolut bl\u00f6dsinniges Diktat zu missachten um sich ein eigenes Bild von der Auswirkung der \u00dcbertretung zu verschaffen. Der Satan ist n\u00e4mlich eine Erkrankung des kollektiven Geistes und hier kommt Eva ihre weibliche Wesensart zu Gute, und aus dem Gef\u00fchl heraus erkennt, dass dieser Apfel besonders gut schmecken muss und es v\u00f6llig irrig ist diesen zu verschm\u00e4hen!<\/p>\n<p style=\"text-align: justify;\">Und nun m\u00f6chte ich dieses b\u00f6sartige Diktat zu einem liebvollen Gebot umformulieren:<\/p>\n<p style=\"text-align: justify;\">\u201eSucht nach dem Baum der Erkenntnis und esst von den \u00c4pfeln so viel ihr vertragt, denn nur Erkenntnis von Gut und B\u00f6se f\u00fchrt zu Gott und in die Freiheit!\u201c<\/p>\n<p style=\"text-align: justify;\"><img decoding=\"async\" src=\"https:\/\/stefanmalsi.de\/blog\/wp-content\/uploads\/2019\/07\/Trennlinie-apart-2.jpg\" \/><\/p>\n<p>05.04.2025<\/p>\n<p><img loading=\"lazy\" decoding=\"async\" class=\"alignnone size-full wp-image-8698\" src=\"https:\/\/stefanmalsi.de\/blog\/wp-content\/uploads\/2025\/04\/Paulus-Augustinus-2025.jpg\" alt=\"\" width=\"750\" height=\"242\" \/><\/p>\n<h5 style=\"text-align: justify;\">Das b\u00f6sartige Geschw\u00e4tz von Paulus und Augustinus ist die Ursache f\u00fcr die Kriegsgeilheit der Christen<\/h5>\n<p style=\"text-align: justify;\">\u00a0Man kann es gar nicht oft genug wiederholen! Paulus, der ein Leben sp\u00e4ter als Augustinus von Hippo auf der Erde weilte, ist kein Mann Gottes, sondern der Prophet des Satans!<\/p>\n<p style=\"text-align: justify;\">Seine Aussagen drehen die Botschaft von Jesus teilweise bis in ihr Gegenteil um und haben keinerlei heilende, sondern zutiefst deformierende Wirkung. Man darf nicht einfach irgendetwas \u201eglauben\u201c was ein anderer Mensch ausspricht, auch wenn dieser das noch so eloquent vortr\u00e4gt und vehement einfordert! Die Worte von Paulus sind Gift f\u00fcr die Seele! Sie sind zudem eine Zumutung f\u00fcr jeden klaren Geist und liebenden Menschen! Noch schlimmer ist die Gnadenlehre von Augustinus, die Gott letztendlich die Gerechtigkeit abspricht und den Menschen zur Demut zwingt! Widerlicher und gottferner kann eine Botschaft gar nicht sein, denn die Gerechtigkeit ist ein universelles Sch\u00f6pfungsprinzip, ohne diese Frieden nicht m\u00f6glich\u00a0 ist. Unterdr\u00fcckt man Gerechtigkeit mit dem Hinweis auf eine vermeintliche Gnadenhaftigkeit Gottes, dann zwingt man die Menschen gegen das Sch\u00f6pfungsprinzip zu leben. Diese Unterdr\u00fcckung funktioniert aber auf Dauer nicht ohne schwere Erkrankung der Psyche und so bricht sich die Wut \u00fcber diese erzwungene Erkrankung regelm\u00e4\u00dfig Bahn. Damit aber ist die Grundlage f\u00fcr Gewalt, die im kollektiven Ma\u00dfstab in den Krieg f\u00fchrt, geschaffen!<\/p>\n<p style=\"text-align: justify;\">Die uns heute als \u201echristliche Lehre\u201c verk\u00fcndete Religion ist die Ursache f\u00fcr die meisten Kriege der letzten 2000 Jahre! Sie geh\u00f6rt in Bausch und Bogen von dieser Erde vertrieben! Die Friedensappelle ihrer Vertreter sind blanker Hohn!<\/p>\n<p><img loading=\"lazy\" decoding=\"async\" class=\"alignnone size-medium wp-image-8707\" src=\"https:\/\/stefanmalsi.de\/blog\/wp-content\/uploads\/2025\/05\/Blog-Kollage-111a-1024x898.jpg\" alt=\"\" width=\"1024\" height=\"898\" srcset=\"https:\/\/stefanmalsi.de\/blog\/wp-content\/uploads\/2025\/05\/Blog-Kollage-111a-1024x898.jpg 1024w, https:\/\/stefanmalsi.de\/blog\/wp-content\/uploads\/2025\/05\/Blog-Kollage-111a-768x673.jpg 768w, https:\/\/stefanmalsi.de\/blog\/wp-content\/uploads\/2025\/05\/Blog-Kollage-111a.jpg 1312w\" sizes=\"auto, (max-width: 1024px) 100vw, 1024px\" \/><\/p>\n<p>&nbsp;<\/p>\n<p><strong> <img decoding=\"async\" src=\"https:\/\/stefanmalsi.de\/blog\/wp-content\/uploads\/2019\/07\/Trennlinie-apart-2.jpg\" \/><\/strong><\/p>\n<p>31.01.2025<\/p>\n<p><img loading=\"lazy\" decoding=\"async\" class=\"alignnone size-full wp-image-8833\" src=\"https:\/\/stefanmalsi.de\/blog\/wp-content\/uploads\/2025\/08\/Gott-liebt.jpg\" alt=\"\" width=\"470\" height=\"271\" \/><\/p>\n<h4><strong>Gott liebt die Aufrichtigen<\/strong><\/h4>\n<p style=\"text-align: justify;\">Es gibt nicht bescheuertes als die Vorstellung, man m\u00fcsse sich vor Gott niederwerfen oder niederknien um ihm \u201eEhrerbietung\u201c zu erweisen! Diese Vorstellung ist uralt, in praktisch allen dogmatischen Religionen vorhanden und entspringt der kompletten Missdeutung von Gottes Wesensart. Gott ist ein fr\u00f6hlicher Geselle und m\u00f6chte, dass wir Menschen uns vor ihm aufrichten und auf Augenh\u00f6he mit Ihm zusammen Freude am Leben haben! Jede Geste der Unterwerfung oder Demutsbezeugung ist dagegen etwas, das Gott \u201ebeleidigt\u201c, ja es ist ein Akt der Selbstdem\u00fctigung, eine Unterwerfung, aber nicht unter Gott, sondern unter den Satan! Das Niederknien und den Kopf zu Boden senken ist buchst\u00e4blich die Abwendung von Gott und wer allen Ernstes Menschen dazu auffordert dieses zu tun, der will den Menschen schaden, will sie beugen um sie leichter zu beherrschen. Die Zeit ist gekommen alle Satanspriester, die von ihrer eigenen Unterwerfung das Recht ableiten andere Menschen zur Beugung zu verf\u00fchren, ein f\u00fcr alle Mal von dieser sch\u00f6nen Erde zu vertreiben! Gott zeichnet sich durch Liebe, Lebensfreude und Gerechtigkeit aus und will, dass wir Menschen aufrecht durch unser Leben gehen, anderen Menschen helfen, sie lieben und besch\u00fctzen, aber uns niemals irgendeiner Phantasiegeburt kranker Menschen unterwerfen!<\/p>\n<p>&nbsp;<\/p>\n<p><strong><img decoding=\"async\" src=\"https:\/\/stefanmalsi.de\/blog\/wp-content\/uploads\/2019\/07\/Trennlinie-apart-2.jpg\" \/><\/strong><\/p>\n<p>20.11.2024<\/p>\n<p><img loading=\"lazy\" decoding=\"async\" class=\"alignnone wp-image-8831\" src=\"https:\/\/stefanmalsi.de\/blog\/wp-content\/uploads\/2025\/08\/Merkwuerdige-Differenzen.jpg\" alt=\"\" width=\"487\" height=\"274\" \/><\/p>\n<p>&nbsp;<\/p>\n<h4><strong>Merkw\u00fcrdige Differenzen in den Evangelien<\/strong><\/h4>\n<p style=\"text-align: justify;\">Heute m\u00f6chte ich einmal auf eine Differenz zwischen dem Markus- und dem Matth\u00e4usevangelium aufmerksam machen und eine L\u00f6sung vorschlagen, die wohl nur mit Hilfe meiner Erkenntnisse \u00fcber die damalige Zeit m\u00f6glich ist. Lesen wir zun\u00e4chst die beiden Textstellen die von den Ereignissen am \u201eAuferstehungstag\u201c berichten:<\/p>\n<p style=\"text-align: justify;\"><strong>\u00a0<\/strong>Mk 16,1<\/p>\n<p style=\"text-align: justify;\">Als der Sabbat vor\u00fcber war, kauften Maria aus Magdala, Maria, die Mutter des Jakobus, und Salome wohlriechende \u00d6le, um damit zum Grab zu gehen und Jesus zu salben.<\/p>\n<p>Mt 28,1<\/p>\n<p style=\"text-align: justify;\">Nach dem Sabbat kamen in der Morgend\u00e4mmerung des ersten Tages der Woche Maria aus Magdala und die andere Maria, um nach dem Grab zu sehen.<\/p>\n<p style=\"text-align: justify;\">Diese beiden Versionen der Ereignisse stimmen nicht \u00fcberein, wobei die Nichtnennung von Salome im Matth\u00e4usevangelium zun\u00e4chst nicht das Thema sein soll.<\/p>\n<p style=\"text-align: justify;\">Im Markusevangelium wird neben Maria aus Magdala, die wir auch Maria Magdalena nennen, eine Maria benannt, die die Mutter des Jakobus sein soll, wobei das keine eindeutige Angabe ist, denn wir kennen in den Evangelien zwei M\u00e4nner, n\u00e4mlich zwei Apostel, die den Namen Jakobus tragen. Jakobus der \u00c4ltere, auch \u201eder Gerechte\u201c genannt, war der Erstgeborene von Joseph und seiner ersten Frau, deren Namen wir nicht kennen. Maria, die Mutter von Jesus, war also bestenfalls die Stiefmutter dieses Jakobus und in etwa im gleichen Alter wie dieser und kann eigentlich nicht mit dieser \u201eMaria\u201c gemeint sein. \u00dcber die Mutter von Jakobus den J\u00fcngeren ist uns aus den Evangelien an anderer Stelle bekannt, dass sie zu den Frauen geh\u00f6rte die bei der Kreuzigung in der N\u00e4he waren. Wirklich eindeutig l\u00e4sst sie aber diese Angabe nicht zuordnen. Es kommt hinzu, dass an anderer Stelle auch Salome als Mutter von Jakobus bezeichnet wird und das kann ebenso nicht stimmen!<\/p>\n<p style=\"text-align: justify;\">Nehmen wir jetzt den Text des Matth\u00e4usevangeliums zu Hilfe. Hier wird zwar auch von einer zweiten Maria berichtet, aber irgendwie \u201eklingt\u201c das dort ganz anders, ja sogar ein wenig abwertend, wenn einfach nur von \u201eder anderen Maria\u201c berichtet wird. Nach meiner Lesart kann damit aber kaum die Mutter von Jesus oder eines Apostels gemeint sein, denn da passt das Klangbild des Textes einfach nicht dazu.<\/p>\n<p style=\"text-align: justify;\">Ich mache daher den Vorschlag, dass wir den Text des Matth\u00e4usevangeliums als \u201ezutreffend\u201c annehmen und die dort anzutreffende, leicht abwertende Benennung der \u201eanderen Maria\u201c, sollte uns Hinweis auf die Identit\u00e4t dieser gesuchten Maria geben! Gehen wir zur\u00fcck zum Text des Markusevangeliums und nehmen an, dass die Worte \u201edie Mutter des Jakobus\u201c aus einer bestimmten Absicht heraus eingef\u00fcgt wurden, n\u00e4mlich der, die wahre Identit\u00e4t dieser Maria zu verschleiern!<\/p>\n<p style=\"text-align: justify;\">Gewagte These? Mag sein, aber ich bin mir sicher auf der richtigen Spur zu sein, denn wenn ich dar\u00fcber nachdenke, welche \u201eMaria\u201c auf keinen Fall erw\u00e4hnt, sondern bewusst verschwiegen werden sollte, dann kann es sich nur um die \u201edritte Maria\u201c im Leben von Jesus handeln, seine Geliebte und Weggef\u00e4hrtin, die mit absoluter Sicherheit damals sowohl bei der Kreuzigung als auch bei der Grablegung dabei war!! Ja sie verlie\u00df das Grab w\u00e4hrend der Tage gar nicht und war daher am \u201eAuferstehungstag\u201c logischerweise anwesend!<\/p>\n<p style=\"text-align: justify;\">Ich bin mir daher sicher, dass im Matth\u00e4usevangelium mit \u201eder anderen Maria\u201c die Geliebte und Lebensgef\u00e4hrtin von Jesus gemeint ist, die ebenfalls Maria hie\u00df und der Jesus am Beginn seines \u00f6ffentlichen Wirkens in der Gestalt der \u201eblutfl\u00fcssigen Frau\u201c begegnet war. Sie begleitete ihn auf all seinen Wegen in seiner \u00f6ffentlichen Zeit!<\/p>\n<p style=\"text-align: justify;\">Als kleines Schmankerl sehe ich noch die Erw\u00e4hnung von Salome, die in sp\u00e4teren Traditionen Maria Salome genannt und uns damit einen Hinweis gegeben wird, dass es\u00a0 3 Marien in Jesu Leben gegeben hat! In Deutschland ist das wenig bekannt. Man findet kaum Spuren die auf 3 Marien hinweisen, aber in Italien gibt es ein beliebtes Geb\u00e4ck, das doch glatt unter dem Namen \u201eTre Marie\u201c verkauft wird!<\/p>\n<p>&nbsp;<\/p>\n<p><strong><img decoding=\"async\" src=\"https:\/\/stefanmalsi.de\/blog\/wp-content\/uploads\/2019\/07\/Trennlinie-apart-2.jpg\" \/><\/strong><\/p>\n<p>14.11.2024<\/p>\n<p><img loading=\"lazy\" decoding=\"async\" class=\"alignnone size-full wp-image-8829\" src=\"https:\/\/stefanmalsi.de\/blog\/wp-content\/uploads\/2025\/08\/satanische-Main.jpg\" alt=\"\" width=\"554\" height=\"292\" \/><\/p>\n<h4><strong>Satanische Mainstreamideologien<\/strong><\/h4>\n<p style=\"text-align: justify;\">Fr\u00fcher war zwar nicht alles besser aber wer kann sich denn aus seiner Jugendzeit daran erinnern je solchen Humbug geh\u00f6rt zu haben?!<\/p>\n<p>Queerkram, Multikulti, Wokismus, Genderei, LGBT-Ideologie, Coronal\u00fcgen, CO2- Unsinn<\/p>\n<p style=\"text-align: justify;\">Da die meisten \u201ephilosophischen Gedanken\u201c eine sehr lange Tradition haben muss man diesen neuen \u201eGeistesst\u00f6rungen\u201c eine b\u00f6se Absicht bei ihrer systematischen Konstruktion unterstellen. Sie wurden n\u00e4mlich zielgerichtet entwickelt um den \u201egesunden Menschenverstand\u201c\u00a0 anzugreifen und wenn m\u00f6glich auszuschalten. Dies ist bei erstaunlich vielen Mitb\u00fcrgern auch gelungen, hei\u00dft aber nicht, dass der Unsinn auf Dauer Bestand haben wird!<\/p>\n<p style=\"text-align: justify;\">Das \u201espirituelle Erwachen\u201c der Menschheit wird all diesen satanischen Irrsinn von der Erde vertreiben!!<\/p>\n<p>&nbsp;<\/p>\n<p><strong><img decoding=\"async\" src=\"https:\/\/stefanmalsi.de\/blog\/wp-content\/uploads\/2019\/07\/Trennlinie-apart-2.jpg\" \/><\/strong><\/p>\n<p>27.07.2024<\/p>\n<p><img loading=\"lazy\" decoding=\"async\" class=\"alignnone size-full wp-image-8598\" src=\"https:\/\/stefanmalsi.de\/blog\/wp-content\/uploads\/2024\/07\/Ungerechtigkeit-Tod.jpg\" alt=\"\" width=\"750\" height=\"446\" \/><\/p>\n<h4 style=\"text-align: center;\">Eine Welt ohne Gerechtigkeit und Freude ist zum\u00a0 \u00a0 \u00a0Untergang bestimmt!!<\/h4>\n<p style=\"text-align: justify;\">Genau das ist das Ziel des Satans gewesen! Er, der Gegenspieler Gottes, ist der \u201eGott\u201c aller dogmatischen Religionen auf der Erde! Aber wir haben ihn besiegt, es gibt ihn nicht mehr!! Jetzt gilt es die alte, satanische Denke noch in den K\u00f6pfen der Menschen zu beseitigen und da m\u00fcssen wir zu allererst bei uns selbst anfangen und vor allem die b\u00f6sen religi\u00f6sen Vorstellungen in unserer Kultur ausl\u00f6schen! Gott ist ein liebender Gott, voller Freude am Leben und einen Faible f\u00fcr universelle Gerechtigkeit! Wer immer euch erz\u00e4hlt, dass Gott die Welt aus purer Gnade anstatt aus Freude erschaffen hat, der l\u00fcgt euch mit aller Absicht ins Gesicht, der will euer Leben zerst\u00f6ren und euch ins Ungl\u00fcck st\u00fcrzen!<\/p>\n<p>Der Paulinismus, der sich in anma\u00dfender Verlogenheit \u201eChristentum\u201c nennt, war nie am Frieden auf der Erde und war nie am pers\u00f6nlichen Gl\u00fcck des einzelnen Menschen interessiert. Das wurde euch nur vorgegaukelt um euch in eine Lebenshaltung zu treiben die euren Untergang zur Folge hat. Menschen k\u00f6nnen ohne Gerechtigkeit nicht zu Frieden und Gl\u00fcck finden und wer das Gegenteil behauptet l\u00fcgt euch ins Gesicht!<\/p>\n<p style=\"text-align: justify;\">Die Zeit aber ist reif f\u00fcr eine g\u00e4nzlich neue Gottesvorstellung und diese wird uns alle in eine liebevolle Welt, voller Freude und Gerechtigkeit f\u00fchren!<\/p>\n<p>&nbsp;<\/p>\n<p><img decoding=\"async\" src=\"https:\/\/stefanmalsi.de\/blog\/wp-content\/uploads\/2019\/07\/Trennlinie-apart-2.jpg\" \/><\/p>\n<p>20.07.2024<\/p>\n<p><img loading=\"lazy\" decoding=\"async\" class=\"alignnone size-full wp-image-8652\" src=\"https:\/\/stefanmalsi.de\/blog\/wp-content\/uploads\/2024\/09\/Jesus-verstehen.jpg\" alt=\"\" width=\"907\" height=\"415\" srcset=\"https:\/\/stefanmalsi.de\/blog\/wp-content\/uploads\/2024\/09\/Jesus-verstehen.jpg 907w, https:\/\/stefanmalsi.de\/blog\/wp-content\/uploads\/2024\/09\/Jesus-verstehen-768x351.jpg 768w\" sizes=\"auto, (max-width: 907px) 100vw, 907px\" \/><\/p>\n<h4 style=\"text-align: center;\">Jesus verstehen<\/h4>\n<p style=\"text-align: justify;\">Als K\u00f6nig David war \u201eder Knecht\u201c ein brutaler Krieger und ein Weiberheld, als Jesus ein Friedensprediger und Frauenversteher! Wie geht das \u00fcberhaupt zusammen und was machte einen Mann wie Jesus eigentlich so zart und weise, dass er weibliche Bed\u00fcrfnisse verstehen und St\u00f6rungen der Weiblichkeit sogar heilen konnte? Und warum konnte er diese F\u00e4higkeiten nicht in seine sp\u00e4teren Leben mitnehmen? Bei Karl dem Gro\u00dfen kann man bestenfalls \u00c4hnlichkeiten zu K\u00f6nig David, nicht aber zu Jesus erkennen! Erst bei Franziskus von Assisi hat man den Eindruck es mit einem jesus\u00e4hnlichen Menschen zu tun zu haben, der aber noch weit, weit weg vom Erkenntnisstand Jesu war. Aber wie geht das zusammen? David \u2013 Jesus \u2013 Karl der Gro\u00dfe \u2013 Franziskus von Assisi?<\/p>\n<p>Zun\u00e4chst ganz klar: Mit der uns gel\u00e4ufigen Kenntnis der menschlichen Psyche erst einmal gar nicht!<\/p>\n<p style=\"text-align: justify;\">Wir m\u00fcssen daher nach einem Modell suchen um die unterschiedliche Wesensart ein und derselben Seele, sowohl innerhalb eines Lebens, als auch in den verschiedenen Leben logisch zu erkl\u00e4ren. C.G. Jung hat dies mit der Entwicklung einer tiefergehenden (auch komplex genannten) Psychologie versucht, die neben dem individuellem auch noch das kollektive Unbewusste definiert und zudem den Begriff der Individuation eingef\u00fchrt.<\/p>\n<p style=\"text-align: justify;\">\u201eMit dem Begriff der Individuation umschreibt die Psychologie den Weg zu einem Selbst als eigenem Ganzen. Individuation wird so als Prozess des Ganzwerdens verstanden, der den Menschen zur eigenen Einzigkeit und Individualit\u00e4t finden l\u00e4sst. Der Mensch wird durch diesen Prozess zu dem Individuum, das er tats\u00e4chlich und unabh\u00e4ngig von anderen ist. Neben der Entfaltung seiner F\u00e4higkeiten und M\u00f6glichkeiten z\u00e4hlt zu diesem Vorgang die Bewusstwerdung der eigenen Individualit\u00e4t. Nach der Individuation erlebt sich der Mensch als etwas Einmaliges und verwirklicht sich als etwas Eigenes.\u201c (Quelle:\u00a0 <a href=\"https:\/\/medlexi.de\/Individuation\">https:\/\/medlexi.de\/Individuation<\/a> )<\/p>\n<p style=\"text-align: justify;\">Die Bewusstwerdung eines Menschen gilt es nun eingehender zu untersuchen und dabei herauszuarbeiten, dass Bewusstheit und Pers\u00f6nlichkeitsreife respektive Weisheit direkt miteinander gekoppelt sind und sich sogar durch nachvollzieh- und reproduzierbare Entwicklungsschritte quantifizieren l\u00e4sst. Diese Bewusstseinsentwicklung aber gilt es in jedem Leben neu zu begehen und wenn dies in einem Leben gelang, im Folgeleben aber eben nicht, unterscheidet sich die gleiche Pers\u00f6nlichkeit aber ganz wesentlich!<\/p>\n<p style=\"text-align: justify;\">Um der Diskussion dieses Themas einen Ansto\u00df zu geben habe ich vor Jahren meine Beobachtungen auf dem Weg dieser Individuation niedergeschrieben und diesen Prozess den \u201eWeg zum Seelenheil\u201c genannt. Im Laufe der Jahre konnte ich diesen Weg mehrfach bei anderen Menschen begleitend beobachten und zudem viele weitere Sonderf\u00e4lle, bzw. \u201eStolpersteine\u201c entdecken, die den Menschen auf diesem Weg begegnen k\u00f6nnen und ihn zum Teil zu einem lebenslangen Prozess werden lassen.<\/p>\n<p style=\"text-align: justify;\">Ich freue mich auf die kommende Zusammenarbeit mit Psychologen und Menschenkennern aller Art um diese f\u00fcr die allermeisten Menschen neuartigen Zusammenh\u00e4nge zu erforschen.<\/p>\n<p style=\"text-align: justify;\">K\u00f6nig David war wie sp\u00e4ter Karl der Gro\u00dfe diesen Weg der Individuation nicht gegangen. In diesen beiden Leben k\u00f6nnen wir aber dennoch die ganz ausgepr\u00e4gten Eigenschaften dieses Mannes erkennen, dessen Willens- und Schaffenskraft auffallend sind. Jesus dagegen war diesen Weg gegangen und gelangte so in eine Weisheitsstufe, die bis dato auf der Erde unbekannt war und erf\u00fcllte mit der ihm eigenen Willenskraft den Plan des Herrn. Franziskus nun war wohl auf diesem Weg gekommen, aber den Durchbruch zu sich selbst, d.h. auch der Kenntnis, dass er einmal als K\u00f6nig David und als Jesus auf der Erde weilte, und zu den oberen Stufen der Weisheit schaffte er nicht.<\/p>\n<p style=\"text-align: justify;\">Es kommt auch noch hinzu, dass die Reife einer Pers\u00f6nlichkeit von Inkarnation zu Inkarnation anw\u00e4chst und am Ende alle Schw\u00e4chen und Fehler \u201eausgeb\u00fcgelt\u201c sein werden. Wenn Jesus also jetzt wiederkommt, wird er diesen Weg zun\u00e4chst einmal gehen m\u00fcssen, dann aber eine Pers\u00f6nlichkeit sein, die weitere 7 Leben hinter sich und im 8. Leben nach der Zeit von Jesus aus Nazareth steht. Er wird zudem nicht als \u201eLamm\u201c erkennbar sein, sondern als \u201eAdler\u201c, als \u201eK\u00f6nig der K\u00f6nige\u201c wird er erscheinen und die Menschen alle dazu bringen den \u201eWeg zum Seelenheil\u201c zu gehen. Er wird die Wesensart von Christus in sich tragen und zudem der Menschheit den Aufbau der Sch\u00f6pfung von Grund auf neu erkl\u00e4ren! Ganz nebenbei wird er Babylon zu Fall bringen und \u201edas Recht und Gesetz\u201c bis in den letzten Winkel der Erde bringen. Hier wird ihm wieder seine Willenskraft hilfreich sein, denn er muss letzten Endes den Widerstand aller auf der Erde lebenden Menschen \u00fcberwinden, von denen jeder meint, dass er es besser w\u00fcsste als der \u201eK\u00f6nig der K\u00f6nige\u201c!<\/p>\n<p style=\"text-align: justify;\">Um Jesu Pers\u00f6nlichkeit aber wirklich zu begreifen und seine Botschaft zu verstehen muss man den \u201eWeg zum Seelenheil\u201c selbst gegangen sein und die damit verbundene Bewusstseinserweiterung auch erfahren haben, denn Weisheiten die man noch nicht selbst hat gewinnen k\u00f6nnen und Einsichten oberhalb des eigenen Bewusstseins kann man auch von Jesus nicht einfach \u00fcbernehmen, mag er sie auch noch so oft vortragen!<\/p>\n<p><strong>Der Weg zum Seelenheil:\u00a0<\/strong><em><a href=\"http:\/\/stefanmalsi.de\/downloads\/Der-Weg-zum-Seelenheil-N1.pdf\" target=\"_blank\" rel=\"noopener noreferrer\">Download<\/a><\/em><\/p>\n<p>&nbsp;<\/p>\n<p><img decoding=\"async\" src=\"https:\/\/stefanmalsi.de\/blog\/wp-content\/uploads\/2019\/07\/Trennlinie-apart-2.jpg\" \/><\/p>\n<p>15.07.2024<\/p>\n<p><img loading=\"lazy\" decoding=\"async\" class=\"alignnone size-full wp-image-8826\" src=\"https:\/\/stefanmalsi.de\/blog\/wp-content\/uploads\/2025\/08\/Zippora.jpg\" alt=\"\" width=\"818\" height=\"263\" srcset=\"https:\/\/stefanmalsi.de\/blog\/wp-content\/uploads\/2025\/08\/Zippora.jpg 818w, https:\/\/stefanmalsi.de\/blog\/wp-content\/uploads\/2025\/08\/Zippora-768x247.jpg 768w\" sizes=\"auto, (max-width: 818px) 100vw, 818px\" \/><\/p>\n<h4><strong>Zippora, die Frau an Moses Seite<\/strong><\/h4>\n<p style=\"text-align: justify;\"><strong>\u00a0<\/strong>Die meisten Menschen aus unserem Kulturkreis d\u00fcrften den Namen Moses kennen und auch ein paar rudiment\u00e4re Informationen \u00fcber ihn bereit haben. Aber die allermeisten von ihnen werden\u00a0 nicht einmal wissen, dass Moses verheiratet war und 2 S\u00f6hne hatte, geschweige denn, dass sie den Namen dieser Frau, Zippora, nennen k\u00f6nnten. Wie so oft in der Bibel wird die Ehefrau der Propheten oder K\u00f6nige verschwiegen, obwohl es meist so ist, dass diese ihre Mission ohne die Hilfe ihrer Frauen gar nicht h\u00e4tten bestehen k\u00f6nnen. So auch bei Moses und Zippora!<\/p>\n<p style=\"text-align: justify;\">Es gibt n\u00e4mlich eine kurze und sehr schwer zu interpretierende Stelle in der Bibel (Exodus 4:24-26) die von der Rettung Moses durch das entschlossene Handeln seiner Ehefrau Zippora berichtet. Was auch immer uns dadurch \u00fcbermittelt werden soll: Nur eine Frau wie Zippora kombiniert ihr spirituelles Wissen mit ihrem Handeln und rettet Moses so aus einer Notsituation, die sicherlich eher dem Satan als Gott zuzuschreiben ist!<\/p>\n<p style=\"text-align: justify;\"><a href=\"https:\/\/en.wikipedia.org\/wiki\/Zipporah_at_the_inn\">https:\/\/en.wikipedia.org\/wiki\/Zipporah_at_the_inn<\/a>)<\/p>\n<p style=\"text-align: justify;\">Wer aber war Zippora? Die Bibel erlaubt eine Reihe von Interpretationen, aber ich meine, dass Zippora eine ausgesprochen sch\u00f6ne Frau aus den St\u00e4mmen \u00c4thiopiens, und daher auch Anfeindungen ihrer Schw\u00e4gerin ausgesetzt, war, da sie nicht aus dem Volk der Israeliten stammte. Durch ihren Vater Jethro, der als Priester erw\u00e4hnt wird, war sie mit Sicherheit in die religi\u00f6sen Br\u00e4uche ihrer Zeit eingeweiht und griff zu dem Mittel der Beschneidung ihres Sohnes um eine lebensbedrohliche Situation zu meistern. Diese Art von ihr, als Frau auf ungew\u00f6hnliche Art selbst\u00e4ndig in den Lauf des Schicksals einzugreifen, kennen wir schon aus ihrem Leben davor, als sie als Tamar s\u00e4mtlich Konventionen missachtete um ihr Lebensgl\u00fcck zu erreichen! Denn die Beschneidung war zu der damaligen Zeit ein religi\u00f6ses Ritual, das mit an Sicherheit grenzenden Wahrscheinlichkeit von Priestern aber ganz bestimmt nicht von einer Frau, ja gar der Mutter des Jungens, vorgenommen wurde! Somit handelte sie eigenst\u00e4ndig au\u00dferhalb der Konventionen ihrer Zeit um ihren Mann und damit ihr Lebensgl\u00fcck zu retten! Chapeau!!<\/p>\n<p style=\"text-align: justify;\">Ihr mutiges Handeln als Tamar f\u00fchrte dazu, dass sie im Stammbaum von Jesus auftaucht und somit den Heilsplan erm\u00f6glichte, als Zippora rettete sie Moses und gestaltete erneut den Heilsplan, der ohne sie so nicht h\u00e4tte ablaufen k\u00f6nnen, aber was sie drei Leben sp\u00e4ter wagte, n\u00e4mlich ihr Leben riskierte um den Mantel von Jesus zu ber\u00fchren, der sie daraufhin heilte und zur Lebensgef\u00e4hrtin w\u00e4hlte, ist schon ein echtes Meisterst\u00fcck an Tollk\u00fchnheit, f\u00fchrte aber genau dazu, dass Jesus die Frau an seine Seite bekam, die er brauchte um sein Werk zu vollbringen!<\/p>\n<p style=\"text-align: justify;\">Wir d\u00fcrfen also gespannt sein, was sie in diesem Leben wagt um Seinen Plan zu erm\u00f6glichen!<\/p>\n<p>&nbsp;<\/p>\n<p><img decoding=\"async\" src=\"https:\/\/stefanmalsi.de\/blog\/wp-content\/uploads\/2019\/07\/Trennlinie-apart-2.jpg\" \/><\/p>\n<p>25.06.2024<\/p>\n<p><img loading=\"lazy\" decoding=\"async\" class=\"alignnone size-full wp-image-8824\" src=\"https:\/\/stefanmalsi.de\/blog\/wp-content\/uploads\/2025\/08\/Paulus-war-kein.jpg\" alt=\"\" width=\"657\" height=\"254\" \/><\/p>\n<h4 style=\"text-align: justify;\"><strong>Paulus war kein Apostel sondern der Prophet des Satans<\/strong><\/h4>\n<p style=\"text-align: justify;\">Seit Friedrich Nietzsche mit klarem Verstand statt religi\u00f6ser Vernebelung den Einfluss des Paulus von Tarsus auf die Inhalte der christlichen Lehre aufgedeckt hat, kann niemand auf der Welt dies einfach ignorieren, es sei denn er ist selbst so verblendet, dass er sich zum Werkzeug des Satans hat machen lassen!<\/p>\n<p style=\"text-align: justify;\">Um es in aller Deutlichkeit noch einmal zu formulieren: Paulus ist der Gegenspieler von Jesus, ist der Prophet des Satans, und sein Wirken kann man mit Fug und Recht als die gr\u00f6\u00dfte Menschheitskatastrophe bezeichnen, denn er verkehrte die freudvolle Botschaft Jesu in ihr Gegenteil!<\/p>\n<p style=\"text-align: justify;\">F\u00fcr eigene Recherchen empfehle ich die Ausf\u00fchrungen auf der Website \u201eDer Theologe\u201c eingehend zu studieren.\u00a0 <a href=\"https:\/\/theologe.de\/theologe5.htm\">https:\/\/theologe.de\/theologe5.htm<\/a><\/p>\n<p style=\"text-align: justify;\">Wer die Seele von Paulus einmal erkannt hat findet sie leicht in Augustinus von Hippo oder Bernhard von Clairvoux wieder und begreift auch, warum dieser Mann als Roland Freisler ein gl\u00fchender Anh\u00e4nger des Nationalsozialismus war! Sch\u00e4mt euch ihr Narren, die ihr diesem Mann auf den Leim gegangen seid!!<\/p>\n<p>&nbsp;<\/p>\n<p style=\"text-align: justify;\"><img decoding=\"async\" src=\"https:\/\/stefanmalsi.de\/blog\/wp-content\/uploads\/2019\/07\/Trennlinie-apart-2.jpg\" \/><\/p>\n<p>13.06.2024<\/p>\n<p><img loading=\"lazy\" decoding=\"async\" class=\"alignnone size-full wp-image-8819\" src=\"https:\/\/stefanmalsi.de\/blog\/wp-content\/uploads\/2025\/08\/Freiheit-fuer-alle.png\" alt=\"\" width=\"750\" height=\"627\" \/><\/p>\n<h4><strong>Freiheit f\u00fcr alle V\u00f6lker der Erde!!<\/strong><\/h4>\n<p style=\"text-align: justify;\"><strong><br \/>\n<\/strong>Wer klar denken kann der erkennt auch die Absichten anderer Menschen, vor allem dann, wenn sie gegen die Menschlichkeit und die Freiheit der Menschen gerichtet sind. Seit den Tagen von Adam Weishaupt und Anschelm Rothschild verfolgt eine kleine Gruppe konkret das Ziel die Welt zu versklaven und hat ihre Pl\u00e4ne sorgf\u00e4ltig\u00a0 im Verborgenen ausgearbeitet. Eines der Ziele ist die Wiedererrichtung von Khasaria und da Russland diesem Ziel schon immer im Weg stand muss es logischerweise vernichtet werden. Dazu ersann man den Plan die Ukraine als Rammbock und Opfertier zu verwenden, was zudem ganz praktisch ist, denn dieses Gebiet geh\u00f6rt zum Kernland des geplanten Khasaria und sollte weitgehend von Ukrainern befreit werden um Platz f\u00fcr die R\u00fcckkehr der Khasaren zu schaffen. Nun gut, kann man probieren, nur klappt es halt nicht! Wer Zweifel an meinen Ausf\u00fchrungen hat sollte sich einmal mit den Werken von Albert Pike besch\u00e4ftigen, zum Einstieg das Buch des Engl\u00e4nders Douglas Reed, \u201eStreit um Zion\u201c lesen und zudem die B\u00fccher von Zbigniew Brzezi\u0144ski kennen. Die Pl\u00e4ne sind also nicht ganz neu und seit dem \u201eMaidanputsch\u201c sollen\u00a0 sie konkret umgesetzt werden. Jetzt haben diese Verbrecher aber \u00fcbersehen, dass wir, die \u201eKinder des Lichts\u201c, das alles immer wussten und ihre Pl\u00e4ne nicht nur verhindern, sondern die Gelegenheit nutzen werden deren Gedankengut f\u00fcr immer von der Erde zu vertreiben. Ach es wird noch richtig spannend werden, denn so wie es jetzt kommen wird haben sich die Khasaren ihre R\u00fcckkehr nicht vorgestellt!<\/p>\n<p>&nbsp;<\/p>\n<p style=\"text-align: justify;\"><img decoding=\"async\" src=\"https:\/\/stefanmalsi.de\/blog\/wp-content\/uploads\/2019\/07\/Trennlinie-apart-2.jpg\" \/><\/p>\n<p>15.05.2024<\/p>\n<p><img loading=\"lazy\" decoding=\"async\" class=\"alignnone size-full wp-image-8821\" src=\"https:\/\/stefanmalsi.de\/blog\/wp-content\/uploads\/2025\/08\/die-weisse-Phase.jpg\" alt=\"\" width=\"726\" height=\"327\" \/><\/p>\n<h4><strong>Die wei\u00dfe Phase \u2013 Aufstieg ins Zentrum des Labyrinthes<\/strong><\/h4>\n<p style=\"text-align: justify;\">Nach meiner Beobachtung kann man die \u201egr\u00fcne Phase\u201c des Labyrinthes in genau 2 Jahren durchlaufen, aber es hat sich gezeigt, dass die allermeisten Menschen innerhalb der gr\u00fcnen Phase durch pers\u00f6nliche Aufgaben \u201eaufgehalten\u201c werden und daher deutlich mehr Zeit daf\u00fcr brauchen. Ganz generell stellt jede Wendung im Labyrinth eine H\u00fcrde da an der man h\u00e4ngen bleiben kann, aber erg\u00e4nzt wird dieses Abenteuer der Selbstfindung durch allerlei kleine oder gro\u00dfe \u201eKatastrophen\u201c die auch noch Wiederholungen karmischer Schicksalsschl\u00e4ge sein k\u00f6nnen. Wie dem auch sei, die Reise in der \u201egr\u00fcnen Phase\u201c ist au\u00dferordentlich individuell und endet h\u00e4ufig vor der T\u00fcr zur \u201ewei\u00dfen Phase\u201c, d.h. man bleibt dort einfach stehen. Nun ist das aber gar nicht so leicht zu erkennen und es bedarf sehr guter Kenntnisse \u00fcber den Verlauf des Weges und seiner Auswirkung auf die Seele eines Menschen\u00a0 um zu entdecken, dass jemand genau dort stehen geblieben ist. Der Eintritt in die \u201eweise Phase\u201c ist jetzt aber erstaunlicherweise eine Art Wiederholung des Eintritts ins Licht den man Jahre zuvor erlebt hatte und wird meistens in den Wochen davor auch so eingeleitet und dann auch so erlebt. Ein Tag voller wundervoller Erlebnisse gepaart mit einer Flut sanfter Gef\u00fchle im eigenen Herzen bringen die Seele wieder in einen Rausch, eine Neubegegnung mit Gott und einen neuen Start auf dem Weg. Diesmal aber senkrecht nach oben bis ins Zentrum zu sich selbst und zu Gott!<\/p>\n<p style=\"text-align: justify;\">In der \u201ewei\u00dfen Phase\u201c werden alle fr\u00fcheren Erkenntnisse noch einmal durchlaufen und zu einem Gesamtbild zusammengesetzt. Spiegelbildlich dazu ordnet sich auch die eigene Seele jetzt zu dem \u201eKunstwerk\u201c, das die eigene Sch\u00f6nheit so richtig zum Vorschein bringt. Wer zuvor manche Erkenntnis vergessen hat oder nicht annehmen konnte, wird auf einmal mit neuer Einsicht beschenkt und weil ein jeder an irgendeinem \u201ekleinen Laster\u201c gerne festh\u00e4lt, sieht der Weg 19 Wochen nach dem Eintritt in diese Schlussphase noch einen \u201ekleinen Tod\u201c vor, bei dem man zwar nicht stirbt, aber eben loslassen muss, was man niemals loslassen wollte!<\/p>\n<p style=\"text-align: justify;\">Ein kleine Beobachtung m\u00f6chte ich euch zudem noch stecken: Der Eintritt in die \u201ewei\u00dfe Phase\u201c findet immer an einem Montag statt!<\/p>\n<p>&nbsp;<\/p>\n<p><img decoding=\"async\" src=\"https:\/\/stefanmalsi.de\/blog\/wp-content\/uploads\/2019\/07\/Trennlinie-apart-2.jpg\" \/><\/p>\n<p>03.05.2024<\/p>\n<p><img loading=\"lazy\" decoding=\"async\" class=\"alignnone size-full wp-image-8817\" src=\"https:\/\/stefanmalsi.de\/blog\/wp-content\/uploads\/2025\/08\/erkenne-die-absichten.jpg\" alt=\"\" width=\"550\" height=\"447\" \/><\/p>\n<h4><strong>Erkenne die Absichten deiner Feinde!<\/strong><\/h4>\n<p style=\"text-align: justify;\">Um die Besessenheit, mit der der \u201ekollektive Westen\u201c die Ukraine in den Krieg mit Russland gezwungen hat, zu verstehen muss man die eigentlichen Absichten und Ziele die dahinter liegen kennen. Dazu ist es notwendig die wahren Beherrscher des politischen Kasperletheaters in den USA und ihrer Vasallen zu benennen, denn es sind ausgesprochen \u201epers\u00f6nliche\u201c Ziele, die letzen Endes ma\u00dfgebend sind.\u00a0 Es ist dabei unumg\u00e4nglich weit in die Geschichte zur\u00fcck zu schauen und auch die Entwicklung der europ\u00e4ischen Glaubensgemeinschaften genau zu durchdenken. Die Quellenlage ist nicht sonderlich \u00fcppig, denn die allermeisten frei zug\u00e4nglichen Quellen sind bis zu Unkenntnlichkeit verf\u00e4lscht worden, und das geschah durchaus mit Absicht und systematisch. Wer sich aber dennoch auf den langen Weg der Erkundung begibt st\u00f6\u00dft irgendwann auf das Reich der Khasaren und dessen unr\u00fchmliches Ende durch das machtvolle Eingreifen der Russen.<\/p>\n<p style=\"text-align: justify;\">Wenn man das nun zueinander bringt und in ganz gro\u00dfen Zeitma\u00dfst\u00e4ben denkt, dann wird folgender Gedanke auf einmal schl\u00fcssig: Es gibt seitens der Hintergundm\u00e4chte unserer Zeit die Absicht ein neues Khasaria zu erschaffen, das auf dem Staatsgebiet der ehemaligen Ukraine begr\u00fcndet werden\u00a0 und eines Tages zu einem Gro\u00df-Khasaria heranwachsen und von wo aus dann die parallel installierte NWO gesteuert werden soll. Zu diesem Zweck ist es notwendig Russland zu zerst\u00f6ren und in viele kleine L\u00e4nder zu zerlegen und m\u00f6glichst viele der in dem Gebiet des geplanten Khasariens derzeit ans\u00e4ssigen Menschen zu vertreiben oder zu ermorden. Im Grunde ein nachvollziehbarer Gedanke, sofern man eben \u201ekhasarisch\u201c denkt!<\/p>\n<p style=\"text-align: justify;\">Dumm nur, dass der Plan nicht aufgehen wird, denn ganz so bl\u00f6d ist die Menschheit dann doch nicht und Vladimir Putin hat sein Russland schon zu anderen Zeiten vor dem Zugriff fremder M\u00e4chte besch\u00fctzt! In dieser Generation werden wir diesem khasarischen Spuk und ihrer NWO ein f\u00fcr alle Mal ein Ende bereiten und auch die intellektuelle Basis dieser Bewegung zerst\u00f6ren! In diesem Zusammenhang sollte noch erw\u00e4hnt werden, dass auch die Freimaurerbewegung nur zur Erreichung dieser Ziele gegr\u00fcndet wurde und nat\u00fcrlich jetzt vollst\u00e4ndig aufgel\u00f6st werden wird!<\/p>\n<p>&nbsp;<\/p>\n<p><img decoding=\"async\" src=\"https:\/\/stefanmalsi.de\/blog\/wp-content\/uploads\/2019\/07\/Trennlinie-apart-2.jpg\" \/><\/p>\n<p>27.04.2024<\/p>\n<p><img loading=\"lazy\" decoding=\"async\" class=\"alignnone size-full wp-image-8815\" src=\"https:\/\/stefanmalsi.de\/blog\/wp-content\/uploads\/2025\/08\/Die-Bewusstseinsentwicklung.jpg\" alt=\"\" width=\"545\" height=\"629\" \/><\/p>\n<h4><strong>Die Bewusstseinsentwicklung ist nur Voraussetzung f\u00fcr die Wahrheitsfindung<\/strong><\/h4>\n<p style=\"text-align: justify;\">Wenn man Menschen auf ihrem Weg zu sich selbst begleitet, dann sollte man sich h\u00fcten die eigenen Einsichten als Wahrheiten zu vermitteln, denn zun\u00e4chst einmal hat man es mit einem Heilungsprozess und Geistbefreiungsvorgang zu tun. Wem immer man n\u00e4mlich begegnet so ist dieser Mensch zun\u00e4chst einmal ein Gefangener der Denkwelt in die er hineingewachsen ist und nat\u00fcrlich f\u00fcr die \u201eWirklichkeit\u201c h\u00e4lt. Man stelle sich das einmal so vor, als ob ein Mensch eine mit fremden Vorgaben bedruckte Papiert\u00fcte \u00fcber dem Kopf hat und entweder \u00fcberhaupt nur die bedruckten Bilder sieht oder h\u00f6chstens eine Ahnung davon, dass ein Licht dahinter existieren k\u00f6nnte. F\u00fchrt man einen Menschen aber durch rein therapeutische Gespr\u00e4ch zu dem Moment, an dem er sich wagt all die Denkvorgaben f\u00fcr einen Moment au\u00dfer Acht zu lassen und sich nach innen wendet, dann \u00f6ffnet sich der Geist um eine Dimension und es wird demjenigen bewusst, dass es eine h\u00f6here \u201eDimension des Geistes&#8220; gibt. Damit aber ist nur ein Startpunkt gesetzt, denn nat\u00fcrlich versucht derjenige jetzt diese Erfahrung mit dem Wissensstand zu erkl\u00e4ren, den er in diesem Moment hat. Ein \u201egetaufter Christ\u201c landet in seiner Schulreligion ganz genauso wie es ein Moslem, ein Jude oder eine Ishtaranh\u00e4ngerin tut. Das ist der Normalfall, dass die Vielfalt aller denkbaren Gottesvorstellung zun\u00e4chst einmal weiter existiert und von nun an sogar als unumst\u00f6\u00dfliche Wahrheit aufgefasst werden. Ich bin in meinem Leben katholischen Priestern mit Licht begegnet, die voller Be\u201cgeist\u201cerung und echter \u00dcberzeugung die Lehre des Paulus von sich gegeben haben und nicht die leiseste Ahnung davon hatten, dass sie gerade mal den allerersten Schritt der m\u00f6glichen Bewusstseinserweiterung erlebt haben.<\/p>\n<p style=\"text-align: justify;\">Aber eigentlich beginnt der Weg ja erst, der nach und nach absolut alle religi\u00f6sen Denkvorgaben \u2013 auch die selbstentwickelten \u2013 aufl\u00f6sen wird und durch Erkenntnisse ersetzt werden, die wirklich aus der Quelle und dem Ursprung der Sch\u00f6pfung stammen. Je nach psychologischer Konditionierung aber halten die Menschen an einmal liebgewonnenen spirituellen Einsichten fest und schleppen manchen\u00a0 Unsinn \u00fcber Jahrzehnte mit sich, durchwandern s\u00e4mtliche Stufen und verf\u00e4lschen doch die wunderbarsten Einsichten mit ihren Fehlhaltungen. Diese aber haben immer eine psychologische\/seelische\/karmische Ursache und m\u00fcssen daher auch immer durch entsprechend Heilungsschritte \u00fcberwunden werden.<\/p>\n<p style=\"text-align: justify;\">Offensichtlich ist das aber nicht ganz so einfach und bedarf in aller Regel der liebvollen Hilfe durch andere Menschen, denn alleine scheint es nicht m\u00f6glich zu sein, solche \u201ekarmischen Denkmuster\u201c aufzul\u00f6sen.<\/p>\n<p style=\"text-align: justify;\">Bewusstheit und seelische Gesundheit geh\u00f6ren also zusammen und nur wer sich so rein gemacht hat wie es uns von Jesus \u00fcbermittelt wird, kann auch die Einsichten unverf\u00e4lscht weitergeben, die aus der Quelle der Sch\u00f6pfung kommen.<\/p>\n<p>&nbsp;<\/p>\n<p><img decoding=\"async\" src=\"https:\/\/stefanmalsi.de\/blog\/wp-content\/uploads\/2019\/07\/Trennlinie-apart-2.jpg\" \/><\/p>\n<p>21.04.2024<\/p>\n<p><img loading=\"lazy\" decoding=\"async\" class=\" wp-image-8812 aligncenter\" src=\"https:\/\/stefanmalsi.de\/blog\/wp-content\/uploads\/2025\/08\/Die-Koenige-der-Welt.jpg\" alt=\"\" width=\"334\" height=\"429\" \/><\/p>\n<h4><strong>Die K\u00f6nige der Welt und ihre Antipoden<\/strong><\/h4>\n<p style=\"text-align: justify;\">Um Gottes Sch\u00f6pfung zu verstehen ist es wichtig die innere Ordnung des Volkes Israel zu begreifen. Wir wissen, dass an der Spitze des Volkes als Abbild Zions die 4 Cherubim stehen. Wir wissen, dass es 24 \u00c4ltestenpaare gibt, die den engsten Kreis um die 4 Cherubim bilden und wir wissen nat\u00fcrlich, dass das Volk Israel in 12 mal 12000 Seelenpaare unterteilt ist. Den beiden m\u00e4nnlichen Cherubim aber stehen auch 2 Seelen gegen\u00fcber, die das genaue Gegenteil dieser darstellen, Antipoden dieser, Protagonisten der puren Schlechtigkeit, und diese M\u00e4nner haben durch alle Zeiten hindurch gegeneinander gek\u00e4mpft und durch ihr Wirken ihre Werte in die Welt getragen. Hier ist es daher durchaus interessant die Anfangskonstellation zu kennen, denn Abraham, der 4 Leben sp\u00e4ter als Jesus wiedergeboren wurde, zeugte seinen eigenen Gegenspieler, Ismael, und Jakob, dem wir sp\u00e4ter als Johannes dem T\u00e4ufer wiederbegegnen, wuchs gar mit seinem Gegenspieler Esau im Mutterleib heran! Das Schicksal jedes der beiden K\u00f6nige ist also auf das Engste mit seinem Gegenspieler verkn\u00fcpft und so wundert es nicht, dass es genau dadurch zu dramatischen Situationen in der Geschichte der Menschheit kam. Hier steht uns noch viel Erkenntnisarbeit bevor aber heute will ich zun\u00e4chst die Namen der beiden Antipoden vor 2000 Jahren nennen.<\/p>\n<p style=\"text-align: justify;\">Ismael, der Gegenspieler von Jesus, war vor 2000 Jahren niemand anderes als Paulus von Tarsus, der Apostel des reinen Hasses, der die Lehre von Jesus bis zur Unkenntlichkeit verf\u00e4lschte und zum Begr\u00fcnder der dogmatischen \u201echristlichen\u201c Religion wurde.<\/p>\n<p style=\"text-align: justify;\">Esau aber war der Sklavenh\u00e4ndler der Maria Magdalena, die Seelenpartnerin von Johannes dem T\u00e4ufer, aus der Familie von Maria und Joseph entf\u00fchrte und sie als Kindersklavin verkaufte. Durch ihn erfuhr Maria Magdalena ein unvorstellbares Martyrium.\u00a0 Esau versuchte auch die \u201eblutfl\u00fcssige Frau\u201c von ihren Eltern abzuholen, die sich aber zu Jesus fl\u00fcchtete und seine Lebensgef\u00e4hrtin wurde.<\/p>\n<p style=\"text-align: justify;\">Die B\u00f6sartigkeit dieser beiden Antipoden verlor sich leider nicht in den folgenden Inkarnationen und so wundert es nicht, dass wir sie in folgenden M\u00e4nner wiederfinden:<\/p>\n<p style=\"text-align: justify;\">Ismael war in seinem letzten Leben als Roland Freisler auf der Erde und verurteilte Hans und Sophie Scholl zum Tod durch das Fallbeil und Esau lie\u00df es sich nicht nehmen pers\u00f6nlich als Nathuram Godse die \u201egro\u00dfe Seele\u201c Mahatma Gandhi zu ermorden!<\/p>\n<p>Diese beiden wirklich abgrundtief verdorbenen M\u00e4nner werden auch in diesem Leben ihr b\u00f6ses Spiel fortsetzen, aber nat\u00fcrlich wurden sie l\u00e4ngst erkannt, sind aber derzeit \u201eabgetaucht\u201c. Seid euch aber sicher, dass wir schon bald &#8211; vor allem von Paulus &#8211; h\u00f6ren werden!<\/p>\n<p style=\"text-align: justify;\"><img decoding=\"async\" src=\"https:\/\/stefanmalsi.de\/blog\/wp-content\/uploads\/2019\/07\/Trennlinie-apart-2.jpg\" \/><\/p>\n<p>04.04.2024<\/p>\n<p>&nbsp;<\/p>\n<p><img loading=\"lazy\" decoding=\"async\" class=\"size-full wp-image-8568\" src=\"https:\/\/stefanmalsi.de\/blog\/wp-content\/uploads\/2024\/04\/neue-Menschen-braucht-das-Land.jpg\" alt=\"\" width=\"750\" height=\"350\" \/><\/p>\n<p><strong>\u00a0<\/strong><strong>Neue Menschen braucht das Land<\/strong><strong>\u00a0<\/strong><\/p>\n<p style=\"text-align: justify;\">Nat\u00fcrlich werden alle Menschen durch die Offenbarung \u201eneu geboren\u201c, aber zun\u00e4chst einmal ist ein Jeder in seiner \u201ealten Denkwelt\u201c gefangen und braucht auch nach dem Eintritt ins Licht noch etliche Jahre um sich daraus zu befreien. Wir wollen aber unmittelbar nach dem Zusammenbruch von Babylon mit dem Neuaufbau beginnen und letztendlich auch alle Menschen \u201emitnehmen\u201c, was aber nicht hei\u00dft, dass wir alle Menschen auch f\u00fcr F\u00fchrungsaufgaben f\u00fcr geeignet halten. Um sicher zu gehen keine ungeeigneten Personen zu w\u00e4hlen schlage ich folgende Fragen als Kriterien vor:<\/p>\n<p>Hat die Person Coronama\u00dfnahmen zu verantworten oder bef\u00fcrwortet?<br \/>\nHat die Person die Narrative der Globalisten, wie z.B. die CO2- L\u00fcge, unterst\u00fctzt?<br \/>\nHat die Person f\u00fcr Waffenlieferungen an die Ukraine gewirkt?<\/p>\n<p style=\"text-align: justify;\">Menschen die solches getan haben sollten in diesem Leben keine \u00f6ffentlichen \u00c4mter mehr bekleiden d\u00fcrfen!<\/p>\n<p style=\"text-align: justify;\">Es gibt sie aber, die kleine Gruppe der \u201eGerechten\u201c, die sich schon vor etlichen Jahren haben geistig befreien k\u00f6nnen, obigen satanischen Wahnsinn durchschaut und f\u00fcr das Aufwachen der Menschen gek\u00e4mpft haben. Nur diesen Menschen sollte man vertrauen und mit der F\u00fchrung des Neuaufbaues unseres Landes beauftragen! Alle anderen sollten erst einmal in sich selbst aufr\u00e4umen und uns zeigen, dass man sie als freie und vertrauensw\u00fcrdige Personen ansehen kann.<\/p>\n<p><img decoding=\"async\" src=\"https:\/\/stefanmalsi.de\/blog\/wp-content\/uploads\/2019\/07\/Trennlinie-apart-2.jpg\" \/><\/p>\n<p>23.03.2024<\/p>\n<p><img loading=\"lazy\" decoding=\"async\" class=\"alignnone size-full wp-image-8851\" src=\"https:\/\/stefanmalsi.de\/blog\/wp-content\/uploads\/2025\/08\/Vernunft-statt-Aberglaube.jpg\" alt=\"\" width=\"550\" height=\"430\" \/><\/p>\n<p><strong>Vernunft und Menschlichkeit anstatt Aberglaube und G\u00f6tzenkult<\/strong><\/p>\n<p style=\"text-align: justify;\">Wenn man dem Geschwurbel von Theologen zuh\u00f6rt, k\u00f6nnte man meinen, dass wir Menschen nur zu dem Zweck erschaffen worden sind von lebensunt\u00fcchtigen Priestern zu einer Lebenshaltung deformiert zu werden, die uns zu dem\u00fctigen Dienern ihres jeweiligen \u201eGottes\u201c werden lassen soll. Die Vorstellung, dass wir Menschen durch eigene Kraft zu Vernunft und Menschlichkeit gelangen k\u00f6nnten und diesen \u201eSieg \u00fcber das Unvern\u00fcnftige in uns\u201c dann durch ein Leben in Freude und F\u00fclle genie\u00dfen d\u00fcrfen, ist ihnen zutiefst zuwider. Sicher, sie kommen uns entgegen, nutzen jeden Trick aus uns mit poetischen und scheinbar klugen Worten zu verf\u00fchren, aber in ihrem Inneren bleiben sie Sklaven ihrer eigenen \u201eGottesvorstellung\u201c, mag sie auch noch so harmonisch daher kommen.<\/p>\n<p style=\"text-align: justify;\">Dem stelle ich eine Sch\u00f6pfungsvorstellung entgegen, der die Freiheit des Menschen, sein pers\u00f6nliches Gl\u00fcck in Liebe und F\u00fclle, als zentrale Sch\u00f6pfungsidee inne wohnt. Alles was ein Mensch sich nur w\u00fcnschen kann und dem Gl\u00fcck, dem Frieden und der Liebe dient muss in dieser Sch\u00f6pfung daher auf dem Weg der Vernunft und der Menschlichkeit erreichbar sein. Diese Gaben aber stehen jedem Menschen offen, auch all denen, die hinter der sichtbaren Welt keinen Sch\u00f6pfer \u201ew\u00e4hnen\u201c oder \u201esehen\u201c! Gehen sie aber den Weg der Vernunft und der Menschlichkeit, gehen sie ihn in Liebe zu den Menschen, dann finden sie auch zu Frieden und F\u00fclle, und werden eines Tages sogar voller Freude und leichten Herzens ins Licht treten! Jedes, absolut jedes religi\u00f6s motivierte Handeln das nicht der Vernunft und der Menschlichkeit entspringt, ist dagegen ein Irrweg, f\u00fchrt nicht in die Freiheit, nicht zum pers\u00f6nlichen Gl\u00fcck, Frieden und Erf\u00fcllung! Wir werden daher unsere wundervolle Erde erst dann in ein Paradies verwandeln k\u00f6nnen, wenn wir alle \u201ePriester\u201c von ihr vertrieben haben und einander keinen \u201eGott\u201c mehr vorhalten, sondern uns gegenseitig mit Weisheit und Zuneigung\u00a0 zur Vollendung helfen!<\/p>\n<p><img decoding=\"async\" src=\"https:\/\/stefanmalsi.de\/blog\/wp-content\/uploads\/2019\/07\/Trennlinie-apart-2.jpg\" \/><\/p>\n<p>16.03.2024<\/p>\n<p><img loading=\"lazy\" decoding=\"async\" class=\"alignnone size-full wp-image-8571\" src=\"https:\/\/stefanmalsi.de\/blog\/wp-content\/uploads\/2024\/04\/Augustinus-Freisler.jpg\" alt=\"\" width=\"750\" height=\"603\" \/><\/p>\n<p><strong>Augustinus von Hippo &#8211; der widerlichste Opportunist aller Zeiten<\/strong><\/p>\n<p style=\"text-align: justify;\">Ein von Menschen erschaffenes Gedankengeb\u00e4ude, sei es nun wissenschaftlicher oder religi\u00f6ser Art, wird eines Tages in sich zusammen brechen, wenn die fundamentalen Annahmen nicht stimmen und\/oder die Anwendung des Modells die Menschen ins Ungl\u00fcck st\u00fcrzt.<\/p>\n<p style=\"text-align: justify;\">Von Augustinus von Hippo stammt ein \u201eGottesmodell\u201c das zwangsl\u00e4ufig diesen Weg beschreiten muss, denn es beinhaltet mehrere \u201esatanische Behauptungen\u201c die zum Schaden der ganzen Menschheit eingebaut wurden und einer logischen \u00dcberpr\u00fcfung nicht standhalten. Eine fundamentale Hoffnung der Menschen ist es, dass die Sch\u00f6pfung auf Gerechtigkeit aufgebaut ist, ohne die Menschen nicht leben k\u00f6nnen. Zwingt man Menschen aber mit der Behauptung einer bedingungslosen Gnadenhaftigkeit Gottes dazu auf universelle Gerechtigkeit zu verzichten und jedes erlittene Unrecht in Demut anzunehmen, dann erkrankt die Seele und bricht sich Bahn in der Verlagerung der Gerechtigkeitsforderung\u00a0 auf irdische Machtstrukturen.\u00a0 Augustinus hat die von ihm verk\u00fcndete Ideologie auch nie selbst leben k\u00f6nnen und so formulierte er Forderungen, die es als gottgef\u00e4llig ansahen, wenn der Staat bedingungslos hart seine pers\u00f6nliche religi\u00f6se Ideologie, die er als \u201eWahrheit\u201c zur Kirchendoktrin zu machen verstand, durchsetzen w\u00fcrde! Er benutzte die Staatsmacht um der entstehenden Kirche mit absoluter und t\u00f6dlicher Gewalt zum Erfolg zu verhelfen!<\/p>\n<p style=\"text-align: justify;\">Er selbst hat diesen Ansatz in seinen folgenden Inkarnationen immer weiter perfektioniert und ihn in seinem letzten Leben zu einem der gl\u00fchendsten Anh\u00e4nger des Nationalsozialismus werden lassen. Opportunistisch bis zum Erbrechen unterzeichnete er seine Briefe an Adolf Hitler mit: \u201eIhr ergebenster Diener\u201c und sorgte mit seinem Wirken daf\u00fcr, dass hunderte Menschen von der Justiz ermordet wurden. Roland Freisler schickte auch die Geschwister Scholl und ihre Freunde in den Tod und d\u00fcrfte darin eine tiefe pers\u00f6nliche Genugtuung empfunden haben!<\/p>\n<p style=\"text-align: justify;\">Wer heutzutage \u2013 trotz der Kenntnis, dass wir alle durch viele Leben hindurch zur Reinheit und Vollendung gelangen, weil ein gerechter und liebender Gott uns dahindurch f\u00fchrt \u2013 immer noch an der Gnadenlehre des Augustinus festh\u00e4lt, dem muss man klar machen, dass Augustinus ein Wegbereiter des Faschismus aber kein \u201eKnecht Gottes\u201c war und er selbst ein Steigb\u00fcgelhalter f\u00fcr den \u201ePropheten des Satans\u201c ist!<\/p>\n<p>Erg\u00e4nzend ein sehr guter Vortrag zum Thema Augustinus:\u00a0\u00a0 <a href=\"https:\/\/www.youtube.com\/watch?v=wgOhvUuZ-S4\" target=\"_blank\" rel=\"noopener\">https:\/\/www.youtube.com\/watch?v=wgOhvUuZ-S4<\/a><\/p>\n<p style=\"text-align: justify;\"><strong> <img decoding=\"async\" src=\"https:\/\/stefanmalsi.de\/blog\/wp-content\/uploads\/2019\/07\/Trennlinie-apart-2.jpg\" \/><\/strong><\/p>\n<p>25.02.2024<\/p>\n<p><img loading=\"lazy\" decoding=\"async\" class=\"alignnone size-full wp-image-8810\" src=\"https:\/\/stefanmalsi.de\/blog\/wp-content\/uploads\/2025\/08\/Johanna-die.jpg\" alt=\"\" width=\"960\" height=\"606\" srcset=\"https:\/\/stefanmalsi.de\/blog\/wp-content\/uploads\/2025\/08\/Johanna-die.jpg 960w, https:\/\/stefanmalsi.de\/blog\/wp-content\/uploads\/2025\/08\/Johanna-die-768x485.jpg 768w\" sizes=\"auto, (max-width: 960px) 100vw, 960px\" \/><\/p>\n<h4><strong>Johanna die Salb\u00f6l Spendende<\/strong><\/h4>\n<p style=\"text-align: justify;\">Am Anfang war das Wort und das Wort Gottes wurde von Jesus zur Heilung der Seelen ausgesprochen! Aber das Salb\u00f6l ist die Heilgabe unser Mutter f\u00fcr Verletzungen unserer K\u00f6rper und als Jesus schwerstverletzt vom Kreuz genommen f\u00fcr \u201edas Grab vorbereitet\u201c wurde, da sandte Gott die J\u00fcngerin Johanna mit ihren selbstgemachten \u00d6len und Salben um ihn vor dem sicheren Tod zu bewahren! Seine Wunden blieben auf wundersame Weise von Infektion und Wundbrand verschont und er \u00fcberlebte diese furchtbare Tortur! Es bedurfte aber der J\u00fcngerin Johanna, einer Frau, die mit Mutter Erde und ihren heilenden Kr\u00e4utern innig verbunden war, um genau zu diesem Moment ihre Salben und \u00d6le herbei zu holen und Jesus damit einzusalben. So eine Gabe ist ein Geschenk Gottes und Johanna hat dieses Talent auch in ihrem jetzigen Leben. Jesus wird sicherlich Wege finden der Welt davon zu berichten und ihr f\u00fcr ihre wundervollen Salb\u00f6le zu danken!<\/p>\n<p><img decoding=\"async\" src=\"https:\/\/stefanmalsi.de\/blog\/wp-content\/uploads\/2019\/07\/Trennlinie-apart-2.jpg\" \/><\/p>\n<p>17.02.2024<\/p>\n<p><img loading=\"lazy\" decoding=\"async\" class=\"alignnone size-full wp-image-8582\" src=\"https:\/\/stefanmalsi.de\/blog\/wp-content\/uploads\/2024\/04\/Zimmermann.jpg\" alt=\"\" width=\"876\" height=\"308\" srcset=\"https:\/\/stefanmalsi.de\/blog\/wp-content\/uploads\/2024\/04\/Zimmermann.jpg 876w, https:\/\/stefanmalsi.de\/blog\/wp-content\/uploads\/2024\/04\/Zimmermann-768x270.jpg 768w\" sizes=\"auto, (max-width: 876px) 100vw, 876px\" \/><\/p>\n<h4 style=\"text-align: center;\"><strong>Der Zimmermann, der Zimmermann,<br \/>\nder ist ein Mann der alles kann!!<\/strong><\/h4>\n<p style=\"text-align: justify;\">Als ich einmal gefragt wurde, was denn mein \u201eIdeal eines Mannes\u201c sei, wie ich mir einen \u201eerleuchteten Pfundskerl\u201c denn vorstelle, da musste ich nicht lange \u00fcberlegen, denn darauf gibt es f\u00fcr mich eine klare Antwort: Der selbst\u00e4ndige Zimmermann ist mein Ideal! Ein Kerl wie ein Baum, mit geschickten H\u00e4nden und einen glasklaren Verstand in der Birne, hat dieser nichts anderes im Sinn als den Schutz und den Wohlstand seiner Familie! Er benutzt seinen Verstand und seine Freiheit um sein Leben zu meistern, ist ein fr\u00f6hlicher Geselle und zeichnet sich sowohl durch herzliche Aufgeschlossenheit, tatkr\u00e4ftiges Handeln als auch tiefgr\u00fcndige Weisheit aus! Er braucht keine Belehrungen von Ideologen oder Priestern, kann jede Diskussion mit Bravour f\u00fchren und alle Menschen in seiner Umgebung genie\u00dfen seine sanfte Ausstrahlung und sein standfestes Auftreten f\u00fcr Gerechtigkeit und Freiheit!<\/p>\n<p style=\"text-align: justify;\">Genau ein solcher Zimmermann m\u00f6chte ich in meinem n\u00e4chsten Leben gerne werden!<\/p>\n<p><img decoding=\"async\" src=\"https:\/\/stefanmalsi.de\/blog\/wp-content\/uploads\/2019\/07\/Trennlinie-apart-2.jpg\" \/><\/p>\n<p>29.01.2024<\/p>\n<p><img loading=\"lazy\" decoding=\"async\" class=\"alignnone size-full wp-image-8808\" src=\"https:\/\/stefanmalsi.de\/blog\/wp-content\/uploads\/2025\/08\/eine-Sizilianerin.jpg\" alt=\"\" width=\"804\" height=\"248\" srcset=\"https:\/\/stefanmalsi.de\/blog\/wp-content\/uploads\/2025\/08\/eine-Sizilianerin.jpg 804w, https:\/\/stefanmalsi.de\/blog\/wp-content\/uploads\/2025\/08\/eine-Sizilianerin-768x237.jpg 768w\" sizes=\"auto, (max-width: 804px) 100vw, 804px\" \/><\/p>\n<h4 style=\"text-align: justify;\"><strong>Eine Sizilianerin erobert das Herz Europas<\/strong><\/h4>\n<p style=\"text-align: justify;\">Kaum eine andere Frau ist in Europa so bekannt wie Hildegard von Bingen! Aber wer weiss schon, dass ihr langer Weg durch Europa in Sizilien begann? Geboren im Jahr 281 in Siracusa auf Sizilien, startete \u201edie leuchtende\u201c ihren langen Weg durch die Geschichte der europ\u00e4ischen Christenheit als Lucia von Syrakus , die sich den Heiratspl\u00e4nen ihrer Eltern widersetzte, sich f\u00fcr ein Leben ganz f\u00fcr Gott und die Armen entschied und als legendenumwobene M\u00e4rtyrerin endete. Ihre Verehrung geht dabei weit \u00fcber das \u00fcbliche Ma\u00df hinaus und sie wird mancherorts auch heute noch im Volksbrauch gew\u00fcrdigt.<\/p>\n<p style=\"text-align: justify;\">Ihre Lebensleistung als Hildegard von Bingen ist weithin bekannt und bewundernswert und wer die Gabe dazu hat erkennt, dass sie auch als Birgitta von Schweden mit gleichem Eifer und gro\u00dfen prophetischen Gaben die Entwicklung des Christentums in Europa entscheidend mitpr\u00e4gte! Um aber zu erkennen, dass eben die in Schweden hochverehrte \u201cHeilige\u00a0 Lucia\u201c und die \u201eHeilige Birgitta\u201c ein und dieselbe Frau ist bedurfte es dem spirituellen Talent von Johanna I., K\u00f6nigin von Neapel, Sizilien und Jerusalem, denn diese war mit Birgitta von Schweden befreundet und hat ihre Seele eben auch in der Lucia von Syrakus wiedererkannt! Dar\u00fcber wiederum kann auch ich nur noch staunen!!<\/p>\n<p><strong style=\"text-align: justify;\"><img decoding=\"async\" src=\"https:\/\/stefanmalsi.de\/blog\/wp-content\/uploads\/2019\/07\/Trennlinie-apart-2.jpg\" \/><\/strong><\/p>\n<p>07.11.2023<\/p>\n<p><img loading=\"lazy\" decoding=\"async\" class=\"alignnone size-full wp-image-8806\" src=\"https:\/\/stefanmalsi.de\/blog\/wp-content\/uploads\/2025\/08\/eine-Beruehrung.jpg\" alt=\"\" width=\"533\" height=\"405\" \/><\/p>\n<h4><strong>Eine Ber\u00fchrung ver\u00e4ndert alles! Die Heilung einer kranken Frau<\/strong><\/h4>\n<p style=\"text-align: justify;\">Aus dem Evangelium des Markus (Mk 5,21 ; 25 \u2013 34)<br \/>\nJesus fuhr im Boot wieder ans andere Ufer hin\u00fcber und eine gro\u00dfe Menschenmenge versammelte sich um ihn. ( \u2026 ) Viele Menschen folgten ihm und dr\u00e4ngten sich um ihn. Darunter war eine Frau, die schon zw\u00f6lf Jahre an Blutungen litt. Sie war von vielen \u00c4rzten behandelt worden und hatte dabei sehr zu leiden; ihr ganzes Verm\u00f6gen hatte sie ausgegeben, aber es hatte ihr nichts genutzt, sondern ihr Zustand war immer schlimmer geworden. Sie hatte von Jesus geh\u00f6rt. Nun dr\u00e4ngte sie sich in der Menge von hinten an ihn heran und ber\u00fchrte sein Gewand. Denn sie sagte sich: Wenn ich auch nur sein Gewand ber\u00fchre, werde ich geheilt. Sofort h\u00f6rte die Blutung auf und sie sp\u00fcrte deutlich, dass sie von ihrem Leiden geheilt war. Im selben Augenblick f\u00fchlte Jesus, dass eine Kraft von ihm ausstr\u00f6mte, und er wandte sich in dem Gedr\u00e4nge um und fragte: Wer hat mein Gewand ber\u00fchrt? Seine J\u00fcnger sagten zu ihm: Du siehst doch, wie sich die Leute um dich dr\u00e4ngen, und da fragst du: Wer hat mich ber\u00fchrt? Er blickte umher, um zu sehen, wer es getan hatte. Da kam die Frau, zitternd vor Furcht, weil sie wusste, was mit ihr geschehen war; sie fiel vor ihm nieder und sagte ihm die ganze Wahrheit. Er aber sagte zu ihr: Meine Tochter, dein Glaube hat dir geholfen. Geh in Frieden! Du sollst von deinem Leiden geheilt sein.<\/p>\n<p style=\"text-align: justify;\">In keiner anderen Heilungsszene wird es so sp\u00fcrbar, dass sich zwischen einer Frau und Jesus ein solch atemberaubendes Verh\u00e4ltnis aufbaut, das diese Heilung \u00fcberhaupt erst erm\u00f6glicht. Ich will hier nicht \u00fcber die Ursache ihrer Erkrankung spekulieren, aber ein st\u00e4ndiger Blutfluss wird sie zur \u201eUnreinen\u201c gemacht und damit zur v\u00f6lligen Ausgrenzung aus der Gesellschaft gef\u00fchrt haben. Alles hatte sie schon versucht um von diesem Leiden befreit zu werden aber nichts hatte ihr geholfen. In ihrer Verzweiflung wagt sie das Unm\u00f6gliche, denn sie mischt sich unter die M\u00e4nner und ber\u00fchrt das Gewand dieses \u201eheiligen Mannes\u201c, von dem sie geh\u00f6rt hatte und auf den sie nun all ihre Hoffnung setzte. Die Spannung in ihr, einerseits etwas \u201eVerbotenes\u201c zu tun andererseits ihr ganzes Leben in die Hoffnung auf Heilung durch diesen Mann zu setzen, muss absolut an der Grenze des psychisch M\u00f6glichen gelegen haben. Und nun folgt \u201edas Wunder\u201c, denn es muss zu einer unglaublichen Spannungsentladung zwischen ihr und Jesus im Moment der Ber\u00fchrung gekommen sein, die Jesus wahrnahm und ihn aufmerksam werden lie\u00df, denn so etwas muss auch f\u00fcr ihn \u00e4u\u00dferst ungew\u00f6hnlich gewesen sein. Er wendet sich sofort um und sucht nach ihr, ja er erlaubt ihr ihre Wahrheit vor allen Leuten auszusprechen und ich bin absolut sicher, dass er sie auch nach ihrem Namen fragte, um sie aus der Anonymit\u00e4t heraus zu f\u00fchren und ihr Selbst aufzurichten! Wer es je erlebt hat der weiss, dass in einem solchem Moment der Heilung das pure Gl\u00fcck und ungeheure Liebe in die Seelen der Menschen str\u00f6mt und Gott unmittelbar erfahrbar wird. Und was die Evangelisten uns verschweigen ist dennoch in den Seelen dieser beiden Menschen f\u00fcr immer und alle Zeit eingeschrieben, denn die so entstandene Liebe hat sie zu einem Paar werden lassen. Von diesem Moment an begleitete Maria, wie diese Frau damals n\u00e4mlich hie\u00df, Jesus bis unter das Kreuz, floh mit dessen Schwester Maria Magdalena nach dem Weggang von Jesus nach Frankreich und lebte mit ihr bis zu ihrem Tod dort in einer H\u00f6hle!<\/p>\n<p style=\"text-align: justify;\">Die Glaubenskraft von Maria und ihre Liebe zu Jesus aber machen sie einmalig unter den Frauen und genau aus diesem Grund wurde sie von den Evangelisten aus den Schriften getilgt! Es ist aber die Liebe und das Vertrauen das diese Heilung bewirkt hat und kein unbegreifbares Wunder! Vertraut und liebt einander dann werdet ihr ein solches \u201eWunder\u201c auch erleben!<\/p>\n<p><img decoding=\"async\" src=\"https:\/\/stefanmalsi.de\/blog\/wp-content\/uploads\/2019\/07\/Trennlinie-apart-2.jpg\" \/><\/p>\n<p>23.09.2023<\/p>\n<p><img loading=\"lazy\" decoding=\"async\" class=\"alignnone size-full wp-image-8803\" src=\"https:\/\/stefanmalsi.de\/blog\/wp-content\/uploads\/2025\/08\/Jesus-Hippie.jpg\" alt=\"\" width=\"668\" height=\"335\" \/><\/p>\n<h4><strong>Jesus war der erste Hippie!<\/strong><\/h4>\n<p style=\"text-align: justify;\">Als Jesus von seiner 7-j\u00e4hrigen Wanderschaft nach Israel zur\u00fcckkehrte war er ein weiser Mann! Aber seine Art zu leben, seine Ausstrahlung und seine Vorstellung von Gott waren so fundamental verschieden von dem was nach \u201ej\u00fcdischem Brauch\u201c rechtens war, dass wir uns ihn ruhig als Hippie unter lauter orthodoxen Juden vorstellen d\u00fcrfen. Er kam aus Indien zur\u00fcck, hatte dort nicht nur die Lehren Buddhas gr\u00fcndlich studiert sondern auch s\u00e4mtlich Freuden des Lebens und der Liebe kennen gelernt. Er war total l\u00e4ssig, kannte keinerlei \u00c4ngste noch hielt er sich an irgendwelche gesellschaftlichen oder religi\u00f6sen Regeln, wenn sie seinen Einsichten widersprachen!\u00a0 Er war die Provokation schlechthin f\u00fcr jeden anst\u00e4ndigen Juden! Jetzt k\u00f6nnte man das alles noch halbwegs hinnehmen, aber Jesus war so dreist und heilte eine Frau von ihrem Blutfluss, durch den sie eine \u201eunreine Person\u201c und ihr der direkte Kontakt zu jedem Juden untersagt war und nahm sie sich auch noch zur Geliebten! Unfassbar, dieser Mann lebte in \u201ewilder Ehe\u201c und \u201efreier Liebe\u201c mit einer \u201eUnreinen\u201c und behauptete auch noch das Wort Gottes zu verk\u00fcnden!! Das war ein Affront, ein Skandal!<\/p>\n<p style=\"text-align: justify;\">Ich bitte jeden Leser sich das einmal grundlegend zu durchdenken. Jesus verstie\u00df gegen so ziemlich jede gesellschaftliche und religi\u00f6se Anstandsregel und so darf man sich nicht wundern, dass er und sein Verhalten abgelehnt wurden.\u00a0 Niemand war in der Lage sein Wesen und sein Verhalten einfach zu begr\u00fc\u00dfen und nachzuleben, das war v\u00f6llig unm\u00f6glich, denn die Menschen waren in ihrem Denken und Glauben gefangen und so brauchte Jesus auch rund 3 Jahre um wenigstens einen kleinen Anh\u00e4ngerkreis so vorzubereiten, dass sie am \u201eOstermontag\u201c ins Licht gehen konnten. Aber auch da war das Begreifen seiner Botschaft den allermeisten noch lange nicht m\u00f6glich und das dr\u00fcckt sich sehr gut in dem Dialog zwischen den J\u00fcngern und Maria Magdalena im gleichnamigen Evangelium aus. Die J\u00fcnger waren erzkonservative Patriarchen und hatten es schon schwer sich mit der Schwester von Jesus, Maria Magdalena, auseinander zu setzen und sie als Ihresgleichen anzunehmen. Von einer Akzeptanz seiner Geliebten und Gef\u00e4hrtin Maria, kann nicht einmal ansatzweise ausgegangen werden.<\/p>\n<p style=\"text-align: justify;\">Es waren daher auch die Ausgegrenzten und Gescheiterten die sich ihm \u00f6ffneten und ihm daher n\u00e4her standen als der typisch religi\u00f6se-b\u00fcrgerliche Jude. Und so ist es nicht verwunderlich, dass gerade die beiden maximal ausgegrenzten Frauen, Maria Magdalena und seine Gef\u00e4hrtin Maria zugleich seine engsten Vertrauten waren.<\/p>\n<p style=\"text-align: justify;\"><strong>Erg\u00e4nzung<br \/>\n<\/strong>Wenn man sich Jesus in unseren Tagen vorstellen will muss man sich einfach sein damaliges unkonventionelles Auftreten um eine Dimension verschoben in den geistigen Raum vorstellen. Jesus h\u00e4lt sich geistig an absolut nichts was den Konventionen unserer Zeit entspricht und erlaubt sich, ausschlie\u00dflich das als seine Erkenntnis von sich zu geben, das er in sich selbst, aus der Quelle in ihm, erfahren hat. Er weiss, dass er wie ER tickt, weiss, dass nur er die Botschaften die ER auch in etlichen Schriften auf der Erde hinterlassen hat so begreifen kann, dass er die Botschaft von IHM so aussprechen kann, als w\u00e4re ER in ihm! Wer ihn nicht versteht, hat vom IHM keine Ahnung und das weiss er ganz genau, weiss aber auch, dass alle Seelen Seines Volkes nach und nach ihn verstehen und IHN erkennen werden!<\/p>\n<p><img decoding=\"async\" src=\"https:\/\/stefanmalsi.de\/blog\/wp-content\/uploads\/2019\/07\/Trennlinie-apart-2.jpg\" \/><\/p>\n<p>&nbsp;<\/p>\n<p>&nbsp;<\/p>\n","protected":false},"excerpt":{"rendered":"<p>24.03.2026 Aus der ewigen Liebe unserer Sch\u00f6pfereltern ist der Sch\u00f6pfungsakt entstanden Von Ewigkeit zu Ewigkeit, verbunden als Paar, vom Wesen her Menschen, haben unsere Sch\u00f6pfereltern beschlossen eine Sch\u00f6pfung zu erschaffen in der Ihre Kinder, Christus und Christa, eines Tages als Menschen unter Menschen leben werden. F\u00fcr sie erschufen Sie daher 2 Menschen die ihnen in &hellip; <a href=\"https:\/\/stefanmalsi.de\/blog\/aktuelle-postings\" class=\"more-link\"><span class=\"screen-reader-text\">aktuelle Postings<\/span> weiterlesen <span class=\"meta-nav\">&rarr;<\/span><\/a><\/p>\n","protected":false},"author":2,"featured_media":0,"parent":0,"menu_order":2,"comment_status":"closed","ping_status":"closed","template":"","meta":{"footnotes":""},"class_list":["post-8566","page","type-page","status-publish","hentry"],"jetpack_sharing_enabled":true,"_links":{"self":[{"href":"https:\/\/stefanmalsi.de\/blog\/wp-json\/wp\/v2\/pages\/8566","targetHints":{"allow":["GET"]}}],"collection":[{"href":"https:\/\/stefanmalsi.de\/blog\/wp-json\/wp\/v2\/pages"}],"about":[{"href":"https:\/\/stefanmalsi.de\/blog\/wp-json\/wp\/v2\/types\/page"}],"author":[{"embeddable":true,"href":"https:\/\/stefanmalsi.de\/blog\/wp-json\/wp\/v2\/users\/2"}],"replies":[{"embeddable":true,"href":"https:\/\/stefanmalsi.de\/blog\/wp-json\/wp\/v2\/comments?post=8566"}],"version-history":[{"count":78,"href":"https:\/\/stefanmalsi.de\/blog\/wp-json\/wp\/v2\/pages\/8566\/revisions"}],"predecessor-version":[{"id":9125,"href":"https:\/\/stefanmalsi.de\/blog\/wp-json\/wp\/v2\/pages\/8566\/revisions\/9125"}],"wp:attachment":[{"href":"https:\/\/stefanmalsi.de\/blog\/wp-json\/wp\/v2\/media?parent=8566"}],"curies":[{"name":"wp","href":"https:\/\/api.w.org\/{rel}","templated":true}]}}