{"id":1344,"date":"2014-10-03T15:37:32","date_gmt":"2014-10-03T13:37:32","guid":{"rendered":"https:\/\/stefanmalsi.de\/blog\/?page_id=1344"},"modified":"2025-08-20T15:43:15","modified_gmt":"2025-08-20T13:43:15","slug":"ueber-mich","status":"publish","type":"page","link":"https:\/\/stefanmalsi.de\/blog\/ueber-mich","title":{"rendered":"\u00dcber mich &#8211; Impressum"},"content":{"rendered":"<p><a href=\"https:\/\/stefanmalsi.de\/blog\/wp-content\/uploads\/2014\/10\/Stefan-1960-62-73.jpg\">\u00a0 \u00a0 \u00a0 \u00a0 \u00a0 \u00a0<img loading=\"lazy\" decoding=\"async\" class=\"alignnone size-full wp-image-1358\" src=\"https:\/\/stefanmalsi.de\/blog\/wp-content\/uploads\/2014\/10\/Stefan-1960-62-73.jpg\" alt=\"Stefan 1960+62+73\" width=\"798\" height=\"400\" srcset=\"https:\/\/stefanmalsi.de\/blog\/wp-content\/uploads\/2014\/10\/Stefan-1960-62-73.jpg 798w, https:\/\/stefanmalsi.de\/blog\/wp-content\/uploads\/2014\/10\/Stefan-1960-62-73-624x312.jpg 624w\" sizes=\"auto, (max-width: 798px) 100vw, 798px\" \/><\/a><\/p>\n<p><a href=\"https:\/\/stefanmalsi.de\/blog\/wp-content\/uploads\/2014\/10\/1980-2012.jpg\"><img loading=\"lazy\" decoding=\"async\" class=\"alignnone size-full wp-image-1359\" src=\"https:\/\/stefanmalsi.de\/blog\/wp-content\/uploads\/2014\/10\/1980-2012.jpg\" alt=\"1980+2012\" width=\"834\" height=\"320\" srcset=\"https:\/\/stefanmalsi.de\/blog\/wp-content\/uploads\/2014\/10\/1980-2012.jpg 834w, https:\/\/stefanmalsi.de\/blog\/wp-content\/uploads\/2014\/10\/1980-2012-624x239.jpg 624w\" sizes=\"auto, (max-width: 834px) 100vw, 834px\" \/><\/a><\/p>\n<p>&nbsp;<\/p>\n<p>Name \u00a0<strong>\u00a0 \u00a0 \u00a0 \u00a0 \u00a0 \u00a0 \u00a0 \u00a0 \u00a0 \u00a0 \u00a0 \u00a0 \u00a0 \u00a0 \u00a0 \u00a0 \u00a0Stefan Georg Malsi<\/strong><\/p>\n<p>Geburtsdatum<strong> \u00a0 \u00a0 \u00a0 \u00a0 \u00a0 \u00a0 \u00a0 05.08.1958\u00a0 \u00a0<\/strong>( in Darmstadt um 03:00h )<\/p>\n<p>Familienstand<strong> \u00a0 \u00a0 \u00a0 \u00a0 \u00a0 \u00a0 \u00a0 \u00a0verheiratet, 2 Kinder<\/strong><\/p>\n<p>Beruf \u00a0<strong>\u00a0 \u00a0 \u00a0 \u00a0 \u00a0 \u00a0 \u00a0 \u00a0 \u00a0 \u00a0 \u00a0 \u00a0 \u00a0 \u00a0 \u00a0 \u00a0 \u00a0Bauingenieur<\/strong><\/p>\n<p>Kontakt \u00a0 \u00a0 \u00a0 \u00a0 \u00a0 \u00a0 \u00a0 \u00a0 \u00a0 \u00a0 \u00a0 \u00a0 \u00a0 \u00a0<strong>\u00a0<a href=\"mailto:hans.f.scholl@gmail.com\" target=\"_blank\" rel=\"noopener noreferrer\">hans.f.scholl@gmail.com<\/a><\/strong><\/p>\n<p>&nbsp;<\/p>\n<p style=\"text-align: center;\"><a style=\"color: #41a62a; outline: 0px;\" href=\"https:\/\/t.me\/stefanmalsichat\" target=\"_blank\" rel=\"noopener noreferrer\"><img loading=\"lazy\" decoding=\"async\" class=\"alignnone\" src=\"https:\/\/stefanmalsi.de\/blog\/wp-content\/uploads\/2021\/05\/Stefans-Caht.jpg\" alt=\"\" width=\"128\" height=\"83\" \/><\/a><a href=\"https:\/\/www.facebook.com\/profile.php?id=100021740080480\" target=\"_blank\" rel=\"noopener noreferrer\">\u00a0<\/a>\u00a0 \u00a0<a href=\"https:\/\/t.me\/s\/stefanmalsi\" target=\"_blank\" rel=\"noopener noreferrer\"><img loading=\"lazy\" decoding=\"async\" class=\"alignnone wp-image-8025\" src=\"https:\/\/stefanmalsi.de\/blog\/wp-content\/uploads\/2020\/07\/600px-Telegram_logo.jpg\" alt=\"\" width=\"69\" height=\"69\" srcset=\"https:\/\/stefanmalsi.de\/blog\/wp-content\/uploads\/2020\/07\/600px-Telegram_logo.jpg 200w, https:\/\/stefanmalsi.de\/blog\/wp-content\/uploads\/2020\/07\/600px-Telegram_logo-100x100.jpg 100w\" sizes=\"auto, (max-width: 69px) 100vw, 69px\" \/><\/a>\u00a0 \u00a0 \u00a0 \u00a0 \u00a0 <a href=\"https:\/\/vk.com\/h.scholl\" target=\"_blank\" rel=\"noopener noreferrer\"><img loading=\"lazy\" decoding=\"async\" class=\"alignnone wp-image-7425\" src=\"https:\/\/stefanmalsi.de\/blog\/wp-content\/uploads\/2020\/01\/5265394-duterte-supporters-migrate-to-vk-the-so-called-facebook-of-vk-png-1200_630_preview.jpg\" alt=\"\" width=\"71\" height=\"69\" \/>\u00a0 \u00a0 \u00a0<\/a><\/p>\n<p>&nbsp;<\/p>\n<p><a href=\"https:\/\/stefanmalsi.de\/blog\/wp-content\/uploads\/2014\/10\/wer.jpg\"><img loading=\"lazy\" decoding=\"async\" class=\"alignnone size-full wp-image-6218\" src=\"https:\/\/stefanmalsi.de\/blog\/wp-content\/uploads\/2014\/10\/wer.jpg\" alt=\"wer\" width=\"500\" height=\"66\" \/><\/a><\/p>\n<p style=\"text-align: justify;\"><strong>Ich bin ein Mensch, weder links noch rechts, der sich von der Menschlichkeit und der\u00a0Vernunft leiten l\u00e4sst<\/strong><\/p>\n<p style=\"text-align: justify;\"><strong>Ich bin wertekonservativ, halte Begriffe wie Treue, Anstand, Ehrlichkeit, Gerechtigkeit hoch und plane eine geistige Revolution gegen die linksgr\u00fcnrechte Beliebigkeitsgesinnung<\/strong><\/p>\n<p style=\"text-align: justify;\"><strong>Ich halte mich eher f\u00fcr einen Verschw\u00f6rer als f\u00fcr einen Verschw\u00f6rungstheoretiker und wer es so sehen m\u00f6chte, der kann meine Aktivit\u00e4ten als eine Verschw\u00f6rung bezeichnen, die zum Ziel hat alle b\u00f6sartigen Verschw\u00f6rungen dieser Welt zu besiegen<\/strong><\/p>\n<p style=\"text-align: justify;\"><strong>Ich bin Unternehmer und bek\u00e4mpfe den Kapitalismus<\/strong><\/p>\n<p style=\"text-align: justify;\"><strong>Ich f\u00fchle mich mit Gott tief verbunden, aber lehne alle dogmatischen Religionen als Ausgeburten kollektiver Geisteskrankheiten ab und bek\u00e4mpfe sie durch mein Wort<\/strong><\/p>\n<p style=\"text-align: justify;\"><strong>Ich liebe meine Heimat und setze mich f\u00fcr die kulturelle Identit\u00e4t unseres Volkes ein<\/strong><\/p>\n<p style=\"text-align: justify;\"><strong>Ich verachte die nach Weltmacht strebenden Staaten und wirke auf ihren Untergang hin<\/strong><\/p>\n<p style=\"text-align: justify;\"><strong>Ich liebe die Vielfalt der Kulturen, aber halte Multikulti-wertesystemi innerhalb eines demokratischen Staates f\u00fcr einen Irrweg<\/strong><\/p>\n<p style=\"text-align: justify;\"><strong>Ich hasse den Krieg und bek\u00e4mpfe die Kriegstreiber dieser Welt<\/strong><\/p>\n<p style=\"text-align: justify;\"><strong>Ich bin absolut intolerant gegen\u00fcber jeder Form der Unmenschlichkeit<\/strong><\/p>\n<p style=\"text-align: justify;\"><strong>Ich liebe die Freiheit und die Gerechtigkeit und werde nicht aufh\u00f6ren f\u00fcr sie zu k\u00e4mpfen<\/strong><\/p>\n<p style=\"text-align: justify;\"><strong>Ich bin ein naturwissenschaftlich denkender Gnostiker und habe die Methode herausgefunden jeden Menschen von seinen Projektionen zu befreien und in ein freies Bewusstsein zu f\u00fchren<\/strong><\/p>\n<p style=\"text-align: center;\"><strong><span style=\"color: #0000ff;\"><em>Genau das werde ich auch tun, ganz egal welche Widerst\u00e4nde<br \/>\n<\/em><\/span><\/strong><strong><span style=\"color: #0000ff;\"><em> ich dazu noch \u00fcberwinden muss!<\/em><\/span><\/strong><\/p>\n<p style=\"text-align: justify;\">\n","protected":false},"excerpt":{"rendered":"<p>\u00a0 \u00a0 \u00a0 \u00a0 \u00a0 \u00a0 &nbsp; Name \u00a0\u00a0 \u00a0 \u00a0 \u00a0 \u00a0 \u00a0 \u00a0 \u00a0 \u00a0 \u00a0 \u00a0 \u00a0 \u00a0 \u00a0 \u00a0 \u00a0 \u00a0Stefan Georg Malsi Geburtsdatum \u00a0 \u00a0 \u00a0 \u00a0 \u00a0 \u00a0 \u00a0 05.08.1958\u00a0 \u00a0( in Darmstadt um 03:00h ) Familienstand \u00a0 \u00a0 \u00a0 \u00a0 \u00a0 \u00a0 \u00a0 \u00a0verheiratet, 2 Kinder Beruf \u00a0\u00a0 &hellip; <a href=\"https:\/\/stefanmalsi.de\/blog\/ueber-mich\" class=\"more-link\"><span class=\"screen-reader-text\">\u00dcber mich &#8211; Impressum<\/span> weiterlesen <span class=\"meta-nav\">&rarr;<\/span><\/a><\/p>\n","protected":false},"author":2,"featured_media":0,"parent":0,"menu_order":5,"comment_status":"closed","ping_status":"closed","template":"","meta":{"footnotes":""},"class_list":["post-1344","page","type-page","status-publish","hentry"],"jetpack_sharing_enabled":true,"_links":{"self":[{"href":"https:\/\/stefanmalsi.de\/blog\/wp-json\/wp\/v2\/pages\/1344","targetHints":{"allow":["GET"]}}],"collection":[{"href":"https:\/\/stefanmalsi.de\/blog\/wp-json\/wp\/v2\/pages"}],"about":[{"href":"https:\/\/stefanmalsi.de\/blog\/wp-json\/wp\/v2\/types\/page"}],"author":[{"embeddable":true,"href":"https:\/\/stefanmalsi.de\/blog\/wp-json\/wp\/v2\/users\/2"}],"replies":[{"embeddable":true,"href":"https:\/\/stefanmalsi.de\/blog\/wp-json\/wp\/v2\/comments?post=1344"}],"version-history":[{"count":41,"href":"https:\/\/stefanmalsi.de\/blog\/wp-json\/wp\/v2\/pages\/1344\/revisions"}],"predecessor-version":[{"id":8796,"href":"https:\/\/stefanmalsi.de\/blog\/wp-json\/wp\/v2\/pages\/1344\/revisions\/8796"}],"wp:attachment":[{"href":"https:\/\/stefanmalsi.de\/blog\/wp-json\/wp\/v2\/media?parent=1344"}],"curies":[{"name":"wp","href":"https:\/\/api.w.org\/{rel}","templated":true}]}}